{"id":76269,"date":"2024-08-05T11:41:18","date_gmt":"2024-08-05T11:41:18","guid":{"rendered":"https:\/\/desrealestate.al\/sq\/property\/%f0%9f%86%95%f0%9f%94%a5-shiten-vila-ne-rezidencen-me-te-re-eudora-ne-lagjen-uji-i-ftohtevlore-2\/"},"modified":"2024-11-19T16:00:55","modified_gmt":"2024-11-19T16:00:55","slug":"%f0%9f%86%95%f0%9f%94%a5-shiten-vila-ne-rezidencen-me-te-re-eudora-ne-lagjen-uji-i-ftohtevlore-2","status":"publish","type":"property","link":"https:\/\/desrealestate.al\/en\/property\/%f0%9f%86%95%f0%9f%94%a5-shiten-vila-ne-rezidencen-me-te-re-eudora-ne-lagjen-uji-i-ftohtevlore-2\/","title":{"rendered":"\ud83c\udd95\ud83d\udd25 SHITEN VILA N\u00cb REZIDENC\u00cbN M\u00cb T\u00cb RE \u201cEUDORA\u201d N\u00cb LAGJEN UJI I FTOHT\u00cb,VLOR\u00cb!"},"content":{"rendered":"<p>\ud83c\udd95\ud83d\udd25 SHITEN VILA N\u00cb REZIDENC\u00cbN M\u00cb T\u00cb RE \u201cEUDORA\u201d N\u00cb LAGJEN UJI I FTOHT\u00cb,VLOR\u00cb!<\/p>\n<p>\u2705 \u00c7mimi: 600.000 \u20ac\/secila<br \/>\u2705 Vendndodhja: Rruga Dhimiter Konomi<br \/>\u2705 N\u00eb faz\u00eb nd\u00ebrtimi ( Drejt perfundimit)<\/p>\n<p>Rreth objektit.<br \/>\ud83c\udfd8 Rezidenca \u201cEudora\u201d \u2013 Kompleksi i par\u00eb rezidencial me vila dhe aparatmanete n\u00eb qytetin e Vlor\u00ebs, i vendosur n\u00eb fund t\u00eb Lungomares, ku ofron mund\u00ebsin\u00eb p\u00ebr t\u00eb shijuar qet\u00ebsin\u00eb e nj\u00eb zone ekskluzive, dhe af\u00ebrsin\u00eb me t\u00eb gjitha sh\u00ebrbimet, dhe plazhe t\u00eb ndryshme q\u00eb jan\u00eb shum\u00eb af\u00ebr. N\u00eb nj\u00eb ballkon natyror, sip\u00ebr rrug\u00ebs \u201cDhimit\u00ebr Konomi\u201d, menj\u00ebher\u00eb pas hotelit \u201cYacht\u201d, kjo rezidenc\u00eb ofron luksin dhe funksionalitetin q\u00eb e b\u00ebn nj\u00eb mund\u00ebsi p\u00ebr t\u00eb mos u humbur n\u00eb Vlor\u00eb. Rezidenca \u00ebsht\u00eb leht\u00ebsisht e aksesueshme p\u00ebr rezident\u00ebt dhe automjetet, ka nje rrethim minimal, nj\u00eb hyrje unike, q\u00eb siguron privat\u00ebsin\u00eb e rezident\u00ebve.<\/p>\n<p>\ud83c\udfd8 Objekti eshte konceptuar si rezidence me dy seksione vendosur ne nje parcele mjaft te pershtatshme per nga orientimi drejt detit ne perendim dhe rruges lokale ne lindje e duke lehtesuar aksesin e kembesoreve dhe automjeteve ne parkimet e parashikuara nen toke (26 poste) .Ne pjesen lindore objekti do te kete rethim minimal shoqeruar me porte unike hyrese per te dy seksionet per te ritur privatesine e banoreve.<\/p>\n<p>\ud83c\udfd8 Kujdes i vecante do ti kushtohet trajtimit te fasades dhe materialeve te perdorura.<br \/>Muret do te vishen me system kapote me polisterol 5cm te cilesise se larte perfunduar me rifiniture me material bashkekohore me ngjyra te qarta. Kangjellat e ballkoneve e llozhave do te jene me xham structural transparent me trashsi 2mm(1+1) te sistemit triplex per te ritur sigurine gjate shfrytezimit te struktures.Vetratat do te jene me dur-alumin me profil termik te cilesise se pare dhe dopio xham termik te cilesise me te larte per te ruajtur ekuliber termik sidomos ne periudhen e veres.\u201d<\/p>\n<p>ORGANIZIMI<br \/>Vilat te tipi C<br \/>(C1) Siperfaqe verande: 57.1 m2 m2<br \/>Siperfaqe objekti: 284.4 m2\/total<\/p>\n<p>(C2) Siperfaqe verande: 57.1 m2<br \/>Siperfaqe objekti: 284.4 m2\/total<\/p>\n<p>(C3) Siperfaqe verande: 57.1 m2<br \/>Siperfaqe objekti: 284.4 m2\/total<\/p>\n<p>(C4) Siperfaqe verande: 57.1 m2<br \/>Siperfaqe objekti: 284.4 m2\/total<\/p>\n<p>(C7) Siperfaqe verande: 57.1 m2<br \/>Siperfaqe objekti: 284.4 m2\/total<\/p>\n<p>(C8) Siperfaqe verande: 57.1 m2<br \/>Siperfaqe objekti: 284.4 m2\/total<\/p>\n<p>(C11) Siperfaqe verande: 57.1 m2<br \/>Siperfaqe objekti: 284.4 m2\/total<\/p>\n<p>(C12) Siperfaqe verande: 57.1 m2<br \/>Siperfaqe objekti: 284.4 m2\/total<\/p>\n<p>(C13) Siperfaqe verande: 57.1 m2<br \/>Siperfaqe objekti: 284.4 m2\/total<\/p>\n<p>(C14) Siperfaqe verande: 57.1 m2<br \/>Siperfaqe objekti: 284.4 m2\/total<\/p>\n<p>(C15) Siperfaqe verande: 57.1 m2<br \/>Siperfaqe objekti: 284.4 m2\/total<\/p>\n<p>(C16) Siperfaqe verande: 57.1 m2<br \/>Siperfaqe objekti: 284.4 m2\/total<br \/>\u2014\u2014\u2014\u2014\u2014\u2014\u2014\u2014\u2014\u2014\u2014\u2014\u2014\u2014\u2014\u2014\u2014\u2014\u2014\u2014\u2014\u2014\u2014\u2014<br \/>\u2139\ufe0fPe\u0308r me\u0308 shume\u0308 informacione ose nje\u0308 vizite\u0308 ne\u0308 prone\u0308 na kontaktoni<br \/>\u260e\ufe0f +355 69 4090663<br \/>\ud83d\udce7<br \/>\ud83c\udf10 www.desrealestate.al<br \/>\u2014\u2014\u2014\u2014\u2014\u2014\u2014\u2014\u2014\u2014\u2014\u2014\u2014\u2014\u2014\u2014\u2014\u2014\u2014\u2014<\/p>","protected":false},"excerpt":{"rendered":"<p>\ud83c\udd95\ud83d\udd25 SHITEN VILA N\u00cb REZIDENC\u00cbN M\u00cb T\u00cb RE \u201cEUDORA\u201d N\u00cb LAGJEN UJI I FTOHT\u00cb,VLOR\u00cb! \u2705 \u00c7mimi: 600.000 \u20ac\/secila\u2705 Vendndodhja: Rruga Dhimiter Konomi\u2705 N\u00eb faz\u00eb nd\u00ebrtimi ( Drejt perfundimit) Rreth objektit.\ud83c\udfd8 Rezidenca \u201cEudora\u201d \u2013 Kompleksi i par\u00eb rezidencial me vila dhe aparatmanete n\u00eb qytetin e Vlor\u00ebs, i vendosur n\u00eb fund t\u00eb Lungomares, ku ofron mund\u00ebsin\u00eb p\u00ebr [&hellip;]<\/p>","protected":false},"author":1,"featured_media":0,"parent":0,"menu_order":0,"comment_status":"closed","ping_status":"closed","template":"","property-type-api":[325],"property-status-api":[25],"property-city-api":[349,47],"property-feature-api":[],"class_list":["post-76269","property","type-property","status-publish","hentry","property-type-vile","property-status-for-sale","property-city-shqiperi","property-city-vlore"],"REAL_HOMES_property_price":"600000","REAL_HOMES_property_price_type":"Total","REAL_HOMES_property_price_postfix":"EUR","REAL_HOMES_property_id":"16153","REAL_HOMES_property_size":"","REAL_HOMES_property_size_postfix":"","REAL_HOMES_property_bedrooms":"","REAL_HOMES_property_bathrooms":"","REAL_HOMES_property_garage":"","REAL_HOMES_additional_details":{"Tipi Pron\u00ebs":"Vil\u00eb","Qyteti":"Vlore","\u00c7ertifikat\u00eb Pron\u00ebsie":"Jo","\u00c7mimi Negociuesh\u00ebm":"  Po","Kati Pron\u00ebs":"","Pozicioni Pron\u00ebs":"Per\u00ebndim","Tipi Listimit":"Shitje"},"REAL_HOMES_property_address":"Rruga Dhimiter Konomi","REAL_HOMES_property_location":"40.430396913596,19.495378644816","REAL_HOMES_attachments":"","REAL_HOMES_agent_display_option":"","REAL_HOMES_agents":"28633","REAL_HOMES_slider_image":"","payment_status":"","REAL_HOMES_tour_video_url":"","REAL_HOMES_tour_video_image":"","REAL_HOMES_property_year_built":"","REAL_HOMES_image_object":"[{\"url\":\"https:\/\/flexie-des.s3.amazonaws.com\/des\/listings\/gallery\/a7cb9fad00a58865d99fea7e57735dae.jpg\",\"thumbnail\":\"https:\/\/flexie-des.s3.amazonaws.com\/des\/listings\/gallery\/a7cb9fad00a58865d99fea7e57735dae_thumb.jpg\",\"name\":\"fotopershkrimivilat0-scaled.jpg\",\"type\":\"image\/jpeg\",\"is_default\":1},{\"url\":\"https:\/\/flexie-des.s3.amazonaws.com\/des\/listings\/gallery\/0e35a0650ce06b8407ee6bf8428586a5.jpg\",\"thumbnail\":\"https:\/\/flexie-des.s3.amazonaws.com\/des\/listings\/gallery\/0e35a0650ce06b8407ee6bf8428586a5_thumb.jpg\",\"name\":\"fotopershkrimivilat1-scaled.jpg\",\"type\":\"image\/jpeg\"},{\"url\":\"https:\/\/flexie-des.s3.amazonaws.com\/des\/listings\/gallery\/40698177cd92253aa3f923dbb8f45071.jpg\",\"thumbnail\":\"https:\/\/flexie-des.s3.amazonaws.com\/des\/listings\/gallery\/40698177cd92253aa3f923dbb8f45071_thumb.jpg\",\"name\":\"fotopershkrimivilat7-scaled.jpg\",\"type\":\"image\/jpeg\"},{\"url\":\"https:\/\/flexie-des.s3.amazonaws.com\/des\/listings\/gallery\/d1e6666bd64eedc7cbe9619e40dfd66a.jpg\",\"thumbnail\":\"https:\/\/flexie-des.s3.amazonaws.com\/des\/listings\/gallery\/d1e6666bd64eedc7cbe9619e40dfd66a_thumb.jpg\",\"name\":\"fotopershkrimivilat2-scaled.jpg\",\"type\":\"image\/jpeg\"},{\"url\":\"https:\/\/flexie-des.s3.amazonaws.com\/des\/listings\/gallery\/590ae0c9db5c307e8f7898ee7b7bb2b7.jpg\",\"thumbnail\":\"https:\/\/flexie-des.s3.amazonaws.com\/des\/listings\/gallery\/590ae0c9db5c307e8f7898ee7b7bb2b7_thumb.jpg\",\"name\":\"fotopershkrimivilata-scaled.jpg\",\"type\":\"image\/jpeg\"},{\"url\":\"https:\/\/flexie-des.s3.amazonaws.com\/des\/listings\/gallery\/c217076b5fb57b1923935a7686b401f1.PNG\",\"thumbnail\":\"https:\/\/flexie-des.s3.amazonaws.com\/des\/listings\/gallery\/c217076b5fb57b1923935a7686b401f1_thumb.PNG\",\"name\":\"C2.PNG\",\"type\":\"image\/png\"},{\"url\":\"https:\/\/flexie-des.s3.amazonaws.com\/des\/listings\/gallery\/01c3def2d2fbbe1c36bd79b76ebbf1c5.PNG\",\"thumbnail\":\"https:\/\/flexie-des.s3.amazonaws.com\/des\/listings\/gallery\/01c3def2d2fbbe1c36bd79b76ebbf1c5_thumb.PNG\",\"name\":\"C1.PNG\",\"type\":\"image\/png\"},{\"url\":\"https:\/\/flexie-des.s3.amazonaws.com\/des\/listings\/gallery\/5a574d54bc9e6b6fec70742fafa3d482.PNG\",\"thumbnail\":\"https:\/\/flexie-des.s3.amazonaws.com\/des\/listings\/gallery\/5a574d54bc9e6b6fec70742fafa3d482_thumb.PNG\",\"name\":\"C3.PNG\",\"type\":\"image\/png\"},{\"url\":\"https:\/\/flexie-des.s3.amazonaws.com\/des\/listings\/gallery\/3cbfdefe4f3fe8f8b0045f93c3b65af2.PNG\",\"thumbnail\":\"https:\/\/flexie-des.s3.amazonaws.com\/des\/listings\/gallery\/3cbfdefe4f3fe8f8b0045f93c3b65af2_thumb.PNG\",\"name\":\"C4.PNG\",\"type\":\"image\/png\"},{\"url\":\"https:\/\/flexie-des.s3.amazonaws.com\/des\/listings\/gallery\/4b7eb28b008bf4d65d43d49ca55e6487.PNG\",\"thumbnail\":\"https:\/\/flexie-des.s3.amazonaws.com\/des\/listings\/gallery\/4b7eb28b008bf4d65d43d49ca55e6487_thumb.PNG\",\"name\":\"C7.PNG\",\"type\":\"image\/png\"},{\"url\":\"https:\/\/flexie-des.s3.amazonaws.com\/des\/listings\/gallery\/dbbe55aafa8616f6e2e05510650c3da6.PNG\",\"thumbnail\":\"https:\/\/flexie-des.s3.amazonaws.com\/des\/listings\/gallery\/dbbe55aafa8616f6e2e05510650c3da6_thumb.PNG\",\"name\":\"C8.PNG\",\"type\":\"image\/png\"},{\"url\":\"https:\/\/flexie-des.s3.amazonaws.com\/des\/listings\/gallery\/f2ece044c4e6f87b06031ccc9f9fa40c.PNG\",\"thumbnail\":\"https:\/\/flexie-des.s3.amazonaws.com\/des\/listings\/gallery\/f2ece044c4e6f87b06031ccc9f9fa40c_thumb.PNG\",\"name\":\"C12.PNG\",\"type\":\"image\/png\"},{\"url\":\"https:\/\/flexie-des.s3.amazonaws.com\/des\/listings\/gallery\/868f07eb5d976453e5193dd5e28bc8e1.PNG\",\"thumbnail\":\"https:\/\/flexie-des.s3.amazonaws.com\/des\/listings\/gallery\/868f07eb5d976453e5193dd5e28bc8e1_thumb.PNG\",\"name\":\"C11.PNG\",\"type\":\"image\/png\"},{\"url\":\"https:\/\/flexie-des.s3.amazonaws.com\/des\/listings\/gallery\/c446491424e0066f48bc3775856191ff.PNG\",\"thumbnail\":\"https:\/\/flexie-des.s3.amazonaws.com\/des\/listings\/gallery\/c446491424e0066f48bc3775856191ff_thumb.PNG\",\"name\":\"C13.PNG\",\"type\":\"image\/png\"},{\"url\":\"https:\/\/flexie-des.s3.amazonaws.com\/des\/listings\/gallery\/4fe7c5c83cff1f1a54948c93d9eab9d8.PNG\",\"thumbnail\":\"https:\/\/flexie-des.s3.amazonaws.com\/des\/listings\/gallery\/4fe7c5c83cff1f1a54948c93d9eab9d8_thumb.PNG\",\"name\":\"C15.PNG\",\"type\":\"image\/png\"},{\"url\":\"https:\/\/flexie-des.s3.amazonaws.com\/des\/listings\/gallery\/00277db96e83412a55f78a06f471d03f.PNG\",\"thumbnail\":\"https:\/\/flexie-des.s3.amazonaws.com\/des\/listings\/gallery\/00277db96e83412a55f78a06f471d03f_thumb.PNG\",\"name\":\"C14.PNG\",\"type\":\"image\/png\"},{\"url\":\"https:\/\/flexie-des.s3.amazonaws.com\/des\/listings\/gallery\/b9ac88181032005b8f39183160026150.PNG\",\"thumbnail\":\"https:\/\/flexie-des.s3.amazonaws.com\/des\/listings\/gallery\/b9ac88181032005b8f39183160026150_thumb.PNG\",\"name\":\"C16.PNG\",\"type\":\"image\/png\"}]","yoast_head":"<!-- This site is optimized with the Yoast SEO Premium plugin v15.2 - https:\/\/yoast.com\/wordpress\/plugins\/seo\/ -->\n<title>\ud83c\udd95\ud83d\udd25 SHITEN VILA N\u00cb REZIDENC\u00cbN M\u00cb T\u00cb RE \u201cEUDORA\u201d N\u00cb LAGJEN UJI I FTOHT\u00cb,VLOR\u00cb! - DES Real Estate<\/title>\n<meta name=\"robots\" content=\"index, follow, max-snippet:-1, max-image-preview:large, max-video-preview:-1\" \/>\n<link rel=\"canonical\" href=\"https:\/\/desrealestate.al\/sq\/property\/\ud83c\udd95\ud83d\udd25-shiten-vila-ne-rezidencen-me-te-re-eudora-ne-lagjen-uji-i-ftohtevlore-2\/\" \/>\n<meta property=\"og:locale\" content=\"en_GB\" \/>\n<meta property=\"og:type\" content=\"article\" \/>\n<meta property=\"og:title\" content=\"\ud83c\udd95\ud83d\udd25 SHITEN VILA N\u00cb REZIDENC\u00cbN M\u00cb T\u00cb RE \u201cEUDORA\u201d N\u00cb LAGJEN UJI I FTOHT\u00cb,VLOR\u00cb! - DES Real Estate\" \/>\n<meta property=\"og:description\" content=\"\ud83c\udd95\ud83d\udd25 SHITEN VILA N\u00cb REZIDENC\u00cbN M\u00cb T\u00cb RE \u201cEUDORA\u201d N\u00cb LAGJEN UJI I FTOHT\u00cb,VLOR\u00cb! \u2705 \u00c7mimi: 600.000 \u20ac\/secila\u2705 Vendndodhja: Rruga Dhimiter Konomi\u2705 N\u00eb faz\u00eb nd\u00ebrtimi ( Drejt perfundimit) Rreth objektit.\ud83c\udfd8 Rezidenca \u201cEudora\u201d \u2013 Kompleksi i par\u00eb rezidencial me vila dhe aparatmanete n\u00eb qytetin e Vlor\u00ebs, i vendosur n\u00eb fund t\u00eb Lungomares, ku ofron mund\u00ebsin\u00eb p\u00ebr [&hellip;]\" \/>\n<meta property=\"og:url\" content=\"https:\/\/desrealestate.al\/sq\/property\/\ud83c\udd95\ud83d\udd25-shiten-vila-ne-rezidencen-me-te-re-eudora-ne-lagjen-uji-i-ftohtevlore-2\/\" \/>\n<meta property=\"og:site_name\" content=\"DES Real Estate\" \/>\n<meta property=\"article:publisher\" content=\"https:\/\/www.facebook.com\/DesRealEstate.al\/\" \/>\n<meta property=\"article:modified_time\" content=\"2024-11-19T16:00:55+00:00\" \/>\n<meta property=\"og:image\" content=\"https:\/\/desrealestate.al\/wp-content\/uploads\/2020\/11\/DES-Real-Estate-Logo-Vertikale-fb.jpg\" \/>\n\t<meta property=\"og:image:width\" content=\"1102\" \/>\n\t<meta property=\"og:image:height\" content=\"596\" \/>\n<meta property=\"fb:app_id\" content=\"387924425682656\" \/>\n<meta name=\"twitter:card\" content=\"summary_large_image\" \/>\n<meta name=\"twitter:label1\" value=\"Written by\">\n\t<meta name=\"twitter:data1\" value=\"master\">\n\t<meta name=\"twitter:label2\" value=\"Estimated reading time\">\n\t<meta name=\"twitter:data2\" value=\"2 minutes\">\n<script type=\"application\/ld+json\" class=\"yoast-schema-graph\">{\"@context\":\"https:\/\/schema.org\",\"@graph\":[{\"@type\":\"Organization\",\"@id\":\"https:\/\/desrealestate.al\/sq\/#organization\",\"name\":\"DES Real Estate\",\"url\":\"https:\/\/desrealestate.al\/sq\/\",\"sameAs\":[\"https:\/\/www.facebook.com\/DesRealEstate.al\/\",\"https:\/\/www.instagram.com\/desrealestate.al\/\"],\"logo\":{\"@type\":\"ImageObject\",\"@id\":\"https:\/\/desrealestate.al\/sq\/#logo\",\"inLanguage\":\"en-GB\",\"url\":\"https:\/\/desrealestate.al\/wp-content\/uploads\/2020\/05\/DES-Real-Estate-Logo-Vertikale.png\",\"width\":171,\"height\":115,\"caption\":\"DES Real Estate\"},\"image\":{\"@id\":\"https:\/\/desrealestate.al\/sq\/#logo\"}},{\"@type\":\"WebSite\",\"@id\":\"https:\/\/desrealestate.al\/sq\/#website\",\"url\":\"https:\/\/desrealestate.al\/sq\/\",\"name\":\"DES Real Estate\",\"description\":\"Sht\\u00ebpia \\u00ebsht\\u00eb e para\",\"publisher\":{\"@id\":\"https:\/\/desrealestate.al\/sq\/#organization\"},\"potentialAction\":[{\"@type\":\"SearchAction\",\"target\":\"https:\/\/desrealestate.al\/sq\/?s={search_term_string}\",\"query-input\":\"required name=search_term_string\"}],\"inLanguage\":\"en-GB\"},{\"@type\":\"WebPage\",\"@id\":\"https:\/\/desrealestate.al\/sq\/property\/%f0%9f%86%95%f0%9f%94%a5-shiten-vila-ne-rezidencen-me-te-re-eudora-ne-lagjen-uji-i-ftohtevlore-2\/#webpage\",\"url\":\"https:\/\/desrealestate.al\/sq\/property\/%f0%9f%86%95%f0%9f%94%a5-shiten-vila-ne-rezidencen-me-te-re-eudora-ne-lagjen-uji-i-ftohtevlore-2\/\",\"name\":\"\\ud83c\\udd95\\ud83d\\udd25 SHITEN VILA N\\u00cb REZIDENC\\u00cbN M\\u00cb T\\u00cb RE \\u201cEUDORA\\u201d N\\u00cb LAGJEN UJI I FTOHT\\u00cb,VLOR\\u00cb! - DES Real Estate\",\"isPartOf\":{\"@id\":\"https:\/\/desrealestate.al\/sq\/#website\"},\"datePublished\":\"2024-08-05T11:41:18+00:00\",\"dateModified\":\"2024-11-19T16:00:55+00:00\",\"inLanguage\":\"en-GB\",\"potentialAction\":[{\"@type\":\"ReadAction\",\"target\":[\"https:\/\/desrealestate.al\/sq\/property\/%f0%9f%86%95%f0%9f%94%a5-shiten-vila-ne-rezidencen-me-te-re-eudora-ne-lagjen-uji-i-ftohtevlore-2\/\"]}]}]}<\/script>\n<!-- \/ Yoast SEO Premium plugin. -->","_links":{"self":[{"href":"https:\/\/desrealestate.al\/en\/wp-json\/wp\/v2\/property-api\/76269"}],"collection":[{"href":"https:\/\/desrealestate.al\/en\/wp-json\/wp\/v2\/property-api"}],"about":[{"href":"https:\/\/desrealestate.al\/en\/wp-json\/wp\/v2\/types\/property"}],"author":[{"embeddable":true,"href":"https:\/\/desrealestate.al\/en\/wp-json\/wp\/v2\/users\/1"}],"replies":[{"embeddable":true,"href":"https:\/\/desrealestate.al\/en\/wp-json\/wp\/v2\/comments?post=76269"}],"version-history":[{"count":0,"href":"https:\/\/desrealestate.al\/en\/wp-json\/wp\/v2\/property-api\/76269\/revisions"}],"wp:attachment":[{"href":"https:\/\/desrealestate.al\/en\/wp-json\/wp\/v2\/media?parent=76269"}],"wp:term":[{"taxonomy":"property-type","embeddable":true,"href":"https:\/\/desrealestate.al\/en\/wp-json\/wp\/v2\/property-type-api?post=76269"},{"taxonomy":"property-status","embeddable":true,"href":"https:\/\/desrealestate.al\/en\/wp-json\/wp\/v2\/property-status-api?post=76269"},{"taxonomy":"property-city","embeddable":true,"href":"https:\/\/desrealestate.al\/en\/wp-json\/wp\/v2\/property-city-api?post=76269"},{"taxonomy":"property-feature","embeddable":true,"href":"https:\/\/desrealestate.al\/en\/wp-json\/wp\/v2\/property-feature-api?post=76269"}],"curies":[{"name":"wp","href":"https:\/\/api.w.org\/{rel}","templated":true}]}}