{"id":67777,"date":"2023-04-05T13:48:16","date_gmt":"2023-04-05T13:48:16","guid":{"rendered":"https:\/\/desrealestate.al\/sq\/property\/%f0%9f%8f%a2shitet-ambient-komercial-prane-pallateve-te-shallvareve-tirane\/"},"modified":"2023-07-10T13:59:52","modified_gmt":"2023-07-10T13:59:52","slug":"%f0%9f%8f%a2shitet-ambient-komercial-prane-pallateve-te-shallvareve-tirane","status":"publish","type":"property","link":"https:\/\/desrealestate.al\/sq\/property\/%f0%9f%8f%a2shitet-ambient-komercial-prane-pallateve-te-shallvareve-tirane\/","title":{"rendered":"\ud83c\udfe2SHITET AMBIENT KOMERCIAL PRAN\u00cb PALLATEVE T\u00cb SHALLVAREVE , TIRAN\u00cb"},"content":{"rendered":"<p>ULET CMIMI NGA 60,000 EURO, N\u00cb 50.000 EURO\ud83c\udfe2SHITET AMBIENT KOMERCIAL PRAN\u00cb PALLATEVE T\u00cb SHALLVAREVE , TIRAN\u00cb<\/p>\n<p>\ud83c\udff7\ufe0fCMIMI: 2000 EURO\/M2<br \/>\ud83d\udcd0 Sip\u00ebrfaqja: 30 m2<br \/>\ud83d\udccdVendndodhja: Rruga Ibrahim Rugova, Tiran\u00eb<\/p>\n<p>\ud83d\udcccMund\u00ebsi qiraje p\u00ebr investim <\/p>\n<p>\ud83d\udcccAmbjenti ndodhet n\u00eb katin e par\u00eb t\u00eb nj\u00eb pallati  . Organizohet n\u00eb nj\u00eb hap\u00ebsir\u00eb dhe nj\u00eb tualet. Ambjenti \u00ebsht\u00eb I p\u00ebrshtatsh\u00ebm p\u00ebr nj\u00eb shum\u00ebllojshm\u00ebri aktivitetesh si :klinik\u00eb dentare, zyra t\u00eb ndryshme, estetike etj.<\/p>\n<p>\ud83d\udcccVendndodhja esht\u00eb mjaft e favorshme pasi \u00ebsht\u00eb nj\u00eb nga zonat m\u00eb t\u00eb preferuara t\u00eb qytetit p\u00ebr t\u00eb zhvilluar biznesin tuaj , ju krijon mund\u00ebsi p\u00ebr nj\u00eb klientel\u00eb t\u00eb gjer\u00eb <\/p>\n<p>\ud83d\udcf1P\u00ebr m\u00eb tep\u00ebr informacion ose nj\u00eb vizit\u00eb n\u00eb prone na  kontaktoni:<br \/>\ud83d\udcf20697032247<\/p>\n","protected":false},"excerpt":{"rendered":"<p>ULET CMIMI NGA 60,000 EURO, N\u00cb 50.000 EURO\ud83c\udfe2SHITET AMBIENT KOMERCIAL PRAN\u00cb PALLATEVE T\u00cb SHALLVAREVE , TIRAN\u00cb \ud83c\udff7\ufe0fCMIMI: 2000 EURO\/M2\ud83d\udcd0 Sip\u00ebrfaqja: 30 m2\ud83d\udccdVendndodhja: Rruga Ibrahim Rugova, Tiran\u00eb \ud83d\udcccMund\u00ebsi qiraje p\u00ebr investim \ud83d\udcccAmbjenti ndodhet n\u00eb katin e par\u00eb t\u00eb nj\u00eb pallati . Organizohet n\u00eb nj\u00eb hap\u00ebsir\u00eb dhe nj\u00eb tualet. Ambjenti \u00ebsht\u00eb I p\u00ebrshtatsh\u00ebm p\u00ebr nj\u00eb shum\u00ebllojshm\u00ebri aktivitetesh [&hellip;]<\/p>\n","protected":false},"author":1,"featured_media":0,"parent":0,"menu_order":0,"comment_status":"closed","ping_status":"closed","template":"","property-type-api":[330],"property-status-api":[25],"property-city-api":[349,45],"property-feature-api":[],"class_list":["post-67777","property","type-property","status-publish","hentry","property-type-ambjent-biznesi","property-status-for-sale","property-city-shqiperi","property-city-tirane"],"REAL_HOMES_property_price":"50000","REAL_HOMES_property_price_type":"m2","REAL_HOMES_property_price_postfix":"EUR","REAL_HOMES_property_id":"13941","REAL_HOMES_property_size":"30","REAL_HOMES_property_size_postfix":"M2 ","REAL_HOMES_property_bedrooms":"1","REAL_HOMES_property_bathrooms":"1","REAL_HOMES_property_garage":"","REAL_HOMES_additional_details":{"Tipi Pron\u00ebs":"Ambjent Biznesi","Qyteti":"Tirane","\u00c7ertifikat\u00eb Pron\u00ebsie":"Po","\u00c7mimi Negociuesh\u00ebm":"  Po","Kati Pron\u00ebs":"1","Pozicioni Pron\u00ebs":"","Tipi Listimit":"Shitje"},"REAL_HOMES_property_address":"rruga ibrahim rugova","REAL_HOMES_property_location":"41.323806173441,19.816869007935","REAL_HOMES_attachments":"","REAL_HOMES_agent_display_option":"","REAL_HOMES_agents":"13563","REAL_HOMES_slider_image":"","payment_status":"","REAL_HOMES_tour_video_url":"","REAL_HOMES_tour_video_image":"","REAL_HOMES_property_year_built":"","REAL_HOMES_image_object":"[{\"url\":\"https:\/\/flexie-des.s3.amazonaws.com\/des\/listings\/gallery\/04e46c46f74f54d9aebfff2fc8954c3d.jpg\",\"thumbnail\":\"https:\/\/flexie-des.s3.amazonaws.com\/des\/listings\/gallery\/04e46c46f74f54d9aebfff2fc8954c3d_thumb.jpg\",\"name\":\"2.jpg\",\"type\":\"image\/jpeg\",\"is_default\":1},{\"url\":\"https:\/\/flexie-des.s3.amazonaws.com\/des\/listings\/gallery\/3112b60cb79fabcab639143e665644dd.jpg\",\"thumbnail\":\"https:\/\/flexie-des.s3.amazonaws.com\/des\/listings\/gallery\/3112b60cb79fabcab639143e665644dd_thumb.jpg\",\"name\":\"3.jpg\",\"type\":\"image\/jpeg\",\"is_default\":0},{\"url\":\"https:\/\/flexie-des.s3.amazonaws.com\/des\/listings\/gallery\/a4b79a663300d4f8cdd08631096fc18e.jpg\",\"thumbnail\":\"https:\/\/flexie-des.s3.amazonaws.com\/des\/listings\/gallery\/a4b79a663300d4f8cdd08631096fc18e_thumb.jpg\",\"name\":\"5.jpg\",\"type\":\"image\/jpeg\",\"is_default\":0},{\"url\":\"https:\/\/flexie-des.s3.amazonaws.com\/des\/listings\/gallery\/3305af9373a968d4267369fe2a085753.jpg\",\"thumbnail\":\"https:\/\/flexie-des.s3.amazonaws.com\/des\/listings\/gallery\/3305af9373a968d4267369fe2a085753_thumb.jpg\",\"name\":\"1.jpg\",\"type\":\"image\/jpeg\",\"is_default\":0}]","yoast_head":"<!-- This site is optimized with the Yoast SEO Premium plugin v15.2 - https:\/\/yoast.com\/wordpress\/plugins\/seo\/ -->\n<title>\ud83c\udfe2SHITET AMBIENT KOMERCIAL PRAN\u00cb PALLATEVE T\u00cb SHALLVAREVE , TIRAN\u00cb - DES Real Estate<\/title>\n<meta name=\"robots\" content=\"index, follow, max-snippet:-1, max-image-preview:large, max-video-preview:-1\" \/>\n<link rel=\"canonical\" href=\"https:\/\/desrealestate.al\/sq\/property\/\ud83c\udfe2shitet-ambient-komercial-prane-pallateve-te-shallvareve-tirane\/\" \/>\n<meta property=\"og:locale\" content=\"sq_AL\" \/>\n<meta property=\"og:type\" content=\"article\" \/>\n<meta property=\"og:title\" content=\"\ud83c\udfe2SHITET AMBIENT KOMERCIAL PRAN\u00cb PALLATEVE T\u00cb SHALLVAREVE , TIRAN\u00cb - DES Real Estate\" \/>\n<meta property=\"og:description\" content=\"ULET CMIMI NGA 60,000 EURO, N\u00cb 50.000 EURO\ud83c\udfe2SHITET AMBIENT KOMERCIAL PRAN\u00cb PALLATEVE T\u00cb SHALLVAREVE , TIRAN\u00cb \ud83c\udff7\ufe0fCMIMI: 2000 EURO\/M2\ud83d\udcd0 Sip\u00ebrfaqja: 30 m2\ud83d\udccdVendndodhja: Rruga Ibrahim Rugova, Tiran\u00eb \ud83d\udcccMund\u00ebsi qiraje p\u00ebr investim \ud83d\udcccAmbjenti ndodhet n\u00eb katin e par\u00eb t\u00eb nj\u00eb pallati . Organizohet n\u00eb nj\u00eb hap\u00ebsir\u00eb dhe nj\u00eb tualet. Ambjenti \u00ebsht\u00eb I p\u00ebrshtatsh\u00ebm p\u00ebr nj\u00eb shum\u00ebllojshm\u00ebri aktivitetesh [&hellip;]\" \/>\n<meta property=\"og:url\" content=\"https:\/\/desrealestate.al\/sq\/property\/\ud83c\udfe2shitet-ambient-komercial-prane-pallateve-te-shallvareve-tirane\/\" \/>\n<meta property=\"og:site_name\" content=\"DES Real Estate\" \/>\n<meta property=\"article:publisher\" content=\"https:\/\/www.facebook.com\/DesRealEstate.al\/\" \/>\n<meta property=\"article:modified_time\" content=\"2023-07-10T13:59:52+00:00\" \/>\n<meta property=\"og:image\" content=\"https:\/\/desrealestate.al\/wp-content\/uploads\/2020\/11\/DES-Real-Estate-Logo-Vertikale-fb.jpg\" \/>\n\t<meta property=\"og:image:width\" content=\"1102\" \/>\n\t<meta property=\"og:image:height\" content=\"596\" \/>\n<meta property=\"fb:app_id\" content=\"387924425682656\" \/>\n<meta name=\"twitter:card\" content=\"summary_large_image\" \/>\n<meta name=\"twitter:label1\" value=\"Written by\">\n\t<meta name=\"twitter:data1\" value=\"master\">\n\t<meta name=\"twitter:label2\" value=\"Est. reading time\">\n\t<meta name=\"twitter:data2\" value=\"0 minuta\">\n<script type=\"application\/ld+json\" class=\"yoast-schema-graph\">{\"@context\":\"https:\/\/schema.org\",\"@graph\":[{\"@type\":\"Organization\",\"@id\":\"https:\/\/desrealestate.al\/sq\/#organization\",\"name\":\"DES Real Estate\",\"url\":\"https:\/\/desrealestate.al\/sq\/\",\"sameAs\":[\"https:\/\/www.facebook.com\/DesRealEstate.al\/\",\"https:\/\/www.instagram.com\/desrealestate.al\/\"],\"logo\":{\"@type\":\"ImageObject\",\"@id\":\"https:\/\/desrealestate.al\/sq\/#logo\",\"inLanguage\":\"sq\",\"url\":\"https:\/\/desrealestate.al\/wp-content\/uploads\/2020\/05\/DES-Real-Estate-Logo-Vertikale.png\",\"width\":171,\"height\":115,\"caption\":\"DES Real Estate\"},\"image\":{\"@id\":\"https:\/\/desrealestate.al\/sq\/#logo\"}},{\"@type\":\"WebSite\",\"@id\":\"https:\/\/desrealestate.al\/sq\/#website\",\"url\":\"https:\/\/desrealestate.al\/sq\/\",\"name\":\"DES Real Estate\",\"description\":\"Sht\\u00ebpia \\u00ebsht\\u00eb e para\",\"publisher\":{\"@id\":\"https:\/\/desrealestate.al\/sq\/#organization\"},\"potentialAction\":[{\"@type\":\"SearchAction\",\"target\":\"https:\/\/desrealestate.al\/sq\/?s={search_term_string}\",\"query-input\":\"required name=search_term_string\"}],\"inLanguage\":\"sq\"},{\"@type\":\"WebPage\",\"@id\":\"https:\/\/desrealestate.al\/sq\/property\/%f0%9f%8f%a2shitet-ambient-komercial-prane-pallateve-te-shallvareve-tirane\/#webpage\",\"url\":\"https:\/\/desrealestate.al\/sq\/property\/%f0%9f%8f%a2shitet-ambient-komercial-prane-pallateve-te-shallvareve-tirane\/\",\"name\":\"\\ud83c\\udfe2SHITET AMBIENT KOMERCIAL PRAN\\u00cb PALLATEVE T\\u00cb SHALLVAREVE , TIRAN\\u00cb - DES Real Estate\",\"isPartOf\":{\"@id\":\"https:\/\/desrealestate.al\/sq\/#website\"},\"datePublished\":\"2023-04-05T13:48:16+00:00\",\"dateModified\":\"2023-07-10T13:59:52+00:00\",\"inLanguage\":\"sq\",\"potentialAction\":[{\"@type\":\"ReadAction\",\"target\":[\"https:\/\/desrealestate.al\/sq\/property\/%f0%9f%8f%a2shitet-ambient-komercial-prane-pallateve-te-shallvareve-tirane\/\"]}]}]}<\/script>\n<!-- \/ Yoast SEO Premium plugin. -->","_links":{"self":[{"href":"https:\/\/desrealestate.al\/sq\/wp-json\/wp\/v2\/property-api\/67777"}],"collection":[{"href":"https:\/\/desrealestate.al\/sq\/wp-json\/wp\/v2\/property-api"}],"about":[{"href":"https:\/\/desrealestate.al\/sq\/wp-json\/wp\/v2\/types\/property"}],"author":[{"embeddable":true,"href":"https:\/\/desrealestate.al\/sq\/wp-json\/wp\/v2\/users\/1"}],"replies":[{"embeddable":true,"href":"https:\/\/desrealestate.al\/sq\/wp-json\/wp\/v2\/comments?post=67777"}],"version-history":[{"count":3,"href":"https:\/\/desrealestate.al\/sq\/wp-json\/wp\/v2\/property-api\/67777\/revisions"}],"predecessor-version":[{"id":69329,"href":"https:\/\/desrealestate.al\/sq\/wp-json\/wp\/v2\/property-api\/67777\/revisions\/69329"}],"wp:attachment":[{"href":"https:\/\/desrealestate.al\/sq\/wp-json\/wp\/v2\/media?parent=67777"}],"wp:term":[{"taxonomy":"property-type","embeddable":true,"href":"https:\/\/desrealestate.al\/sq\/wp-json\/wp\/v2\/property-type-api?post=67777"},{"taxonomy":"property-status","embeddable":true,"href":"https:\/\/desrealestate.al\/sq\/wp-json\/wp\/v2\/property-status-api?post=67777"},{"taxonomy":"property-city","embeddable":true,"href":"https:\/\/desrealestate.al\/sq\/wp-json\/wp\/v2\/property-city-api?post=67777"},{"taxonomy":"property-feature","embeddable":true,"href":"https:\/\/desrealestate.al\/sq\/wp-json\/wp\/v2\/property-feature-api?post=67777"}],"curies":[{"name":"wp","href":"https:\/\/api.w.org\/{rel}","templated":true}]}}