{"id":79740,"date":"2025-04-09T08:12:26","date_gmt":"2025-04-09T08:12:26","guid":{"rendered":"https:\/\/desrealestate.al\/sq\/property\/%f0%9f%86%95%f0%9f%8f%a1-jepet-me-qira-apartament-21-ne-plazh-te-vjeter-vlore-%f0%9f%93%8d-prane-real-hotel-2\/"},"modified":"2025-04-09T08:12:26","modified_gmt":"2025-04-09T08:12:26","slug":"%f0%9f%86%95%f0%9f%8f%a1-jepet-me-qira-apartament-21-ne-plazh-te-vjeter-vlore-%f0%9f%93%8d-prane-real-hotel-2","status":"publish","type":"property","link":"https:\/\/desrealestate.al\/sq\/property\/%f0%9f%86%95%f0%9f%8f%a1-jepet-me-qira-apartament-21-ne-plazh-te-vjeter-vlore-%f0%9f%93%8d-prane-real-hotel-2\/","title":{"rendered":"\ud83c\udd95\ud83c\udfe1 JEPET ME QIRA APARTAMENT 2+1 N\u00cb PLAZH T\u00cb VJET\u00cbR ,VLOR\u00cb \ud83d\udccd Pran\u00eb Real Hotel"},"content":{"rendered":"<p>\ud83c\udd95\ud83c\udfe1 JEPET ME QIRA APARTAMENT 2+1 N\u00cb PLAZH T\u00cb VJET\u00cbR ,VLOR\u00cb<br \/>\ud83d\udccd Pran\u00eb Real Hotel<\/p>\n<p>\ud83d\udcb6 \u00c7mimi: 500 Euro\/Muaj<br \/>\ud83d\udcd0 Sip\u00ebrfaqe: 108 m2\/Total<br \/>\ud83d\udccd Vendndodhja: Rruga Sazani ,Vlore<br \/>\u2714 Me qira afatgjat\u00eb<\/p>\n<p>\ud83c\udf0a Ky apartament \u00ebsht\u00eb zgjedhja ideale p\u00ebr ata q\u00eb d\u00ebshirojn\u00eb t\u00eb p\u00ebrjetojn\u00eb jet\u00ebn pran\u00eb detit ,me nj\u00eb pamje q\u00eb i jep \u00e7do dit\u00eb nj\u00eb atmosfer\u00eb inspiruese dhe relaksuese.<\/p>\n<p>\ud83c\udf05 Ofron akses t\u00eb menj\u00ebhersh\u00ebm me plazhet , restorantet , kafenet\u00eb dhe \u00e7do sh\u00ebrbim tjet\u00ebr q\u00eb mund t\u00eb k\u00ebrkoni gjat\u00eb q\u00ebndrimit tuaj.<\/p>\n<p>\ud83c\udf06 Organizimi i br\u00ebndsh\u00ebm:<br \/>Organizimi i br\u00ebndsh\u00ebm<br \/>\ud83d\udecb Sallon + \ud83c\udf5d Kuzhin\u00eb<br \/>\ud83d\udecf 2 Dhoma gjumi<br \/>\ud83d\udebf 1 Tualet<br \/>\ud83c\udf24 2 Ballkone<\/p>\n<p>Detaje t\u00eb tjera:<br \/>\ud83d\udeaa Kati i 7-t\u00eb banim<br \/>\ud83e\udded Orientimi: Jug-Per\u00ebndim<br \/>\ud83d\udcf8 Ofrohet i arreduar si ne fotot perkatese !<\/p>\n<p>\ud83c\udf1e\ud83d\udccd Apartamenti ndodhet ne nje nga zonat me te preferuara t\u00eb Vlor\u00ebs dhe \u00ebsht\u00eb i ndricuar me drit\u00eb natyrale gjat\u00eb gjith\u00eb dit\u00ebs.<\/p>\n<p>\u2014\u2014\u2014\u2014\u2014\u2014\u2014\u2014\u2014\u2014\u2014\u2014\u2014\u2014\u2014\u2014\u2014\u2014\u2014\u2014\u2014\u2014\u2014\u2014<br \/>\u2139\ufe0fPe\u0308r me\u0308 shume\u0308 informacione ose nje\u0308 vizite\u0308 ne\u0308 prone\u0308 na kontaktoni<br \/>\ud83d\udcf2 +355 69 6351401<br \/>\ud83d\udcf2 +355 68 8000997<br \/>\ud83d\udce7<br \/>\ud83c\udf10 www.desrealestate.al<br \/>\u2014\u2014\u2014\u2014\u2014\u2014\u2014\u2014\u2014\u2014\u2014\u2014\u2014\u2014\u2014\u2014\u2014\u2014\u2014\u2014<\/p>\n","protected":false},"excerpt":{"rendered":"<p>\ud83c\udd95\ud83c\udfe1 JEPET ME QIRA APARTAMENT 2+1 N\u00cb PLAZH T\u00cb VJET\u00cbR ,VLOR\u00cb\ud83d\udccd Pran\u00eb Real Hotel \ud83d\udcb6 \u00c7mimi: 500 Euro\/Muaj\ud83d\udcd0 Sip\u00ebrfaqe: 108 m2\/Total\ud83d\udccd Vendndodhja: Rruga Sazani ,Vlore\u2714 Me qira afatgjat\u00eb \ud83c\udf0a Ky apartament \u00ebsht\u00eb zgjedhja ideale p\u00ebr ata q\u00eb d\u00ebshirojn\u00eb t\u00eb p\u00ebrjetojn\u00eb jet\u00ebn pran\u00eb detit ,me nj\u00eb pamje q\u00eb i jep \u00e7do dit\u00eb nj\u00eb atmosfer\u00eb inspiruese dhe [&hellip;]<\/p>\n","protected":false},"author":1,"featured_media":0,"parent":0,"menu_order":0,"comment_status":"closed","ping_status":"closed","template":"","property-type-api":[38],"property-status-api":[24],"property-city-api":[349,47],"property-feature-api":[17,353,355,356,358],"class_list":["post-79740","property","type-property","status-publish","hentry","property-type-apartament","property-status-for-rent","property-city-shqiperi","property-city-vlore","property-feature-ashensor","property-feature-izolim-termik","property-feature-kondicioner","property-feature-mobilim","property-feature-sherbim-administrimi"],"REAL_HOMES_property_price":"500","REAL_HOMES_property_price_type":"Muaj","REAL_HOMES_property_price_postfix":"EUR","REAL_HOMES_property_id":"17083","REAL_HOMES_property_size":"108","REAL_HOMES_property_size_postfix":"M2 ","REAL_HOMES_property_bedrooms":"3","REAL_HOMES_property_bathrooms":"1","REAL_HOMES_property_garage":"","REAL_HOMES_additional_details":{"Tipi Pron\u00ebs":"Apartament","Qyteti":"Vlore","\u00c7ertifikat\u00eb Pron\u00ebsie":"Po","\u00c7mimi Negociuesh\u00ebm":"  Po","Kati Pron\u00ebs":"7","Pozicioni Pron\u00ebs":"Jug-Per\u00ebndim","Tipi Listimit":"Qira"},"REAL_HOMES_property_address":"Rr Sazani","REAL_HOMES_property_location":"40.456730038426,19.475035332366","REAL_HOMES_attachments":"","REAL_HOMES_agent_display_option":"","REAL_HOMES_agents":"28633","REAL_HOMES_slider_image":"","payment_status":"","REAL_HOMES_tour_video_url":"","REAL_HOMES_tour_video_image":"","REAL_HOMES_property_year_built":"","REAL_HOMES_image_object":"[{\"url\":\"https:\/\/flexie-des.s3.amazonaws.com\/des\/listings\/gallery\/046e136b24a97a0255c7038c169076a0.jpg\",\"thumbnail\":\"https:\/\/flexie-des.s3.amazonaws.com\/des\/listings\/gallery\/046e136b24a97a0255c7038c169076a0_thumb.jpg\",\"name\":\"WhatsApp Image 2025-04-08 at 21.31.18_929c8f95.jpg\",\"type\":\"image\/jpeg\",\"is_default\":1},{\"url\":\"https:\/\/flexie-des.s3.amazonaws.com\/des\/listings\/gallery\/e66986ebff950ae9ed5b119da5f7a220.jpg\",\"thumbnail\":\"https:\/\/flexie-des.s3.amazonaws.com\/des\/listings\/gallery\/e66986ebff950ae9ed5b119da5f7a220_thumb.jpg\",\"name\":\"WhatsApp Image 2025-04-08 at 21.31.16_957df50c.jpg\",\"type\":\"image\/jpeg\"},{\"url\":\"https:\/\/flexie-des.s3.amazonaws.com\/des\/listings\/gallery\/aab05a87cb4eb9225ea344bbb40595c2.jpg\",\"thumbnail\":\"https:\/\/flexie-des.s3.amazonaws.com\/des\/listings\/gallery\/aab05a87cb4eb9225ea344bbb40595c2_thumb.jpg\",\"name\":\"WhatsApp Image 2025-04-08 at 21.31.14_5f649a05.jpg\",\"type\":\"image\/jpeg\"},{\"url\":\"https:\/\/flexie-des.s3.amazonaws.com\/des\/listings\/gallery\/a6cf5221d2533c90d5e98f6db2da16ec.jpg\",\"thumbnail\":\"https:\/\/flexie-des.s3.amazonaws.com\/des\/listings\/gallery\/a6cf5221d2533c90d5e98f6db2da16ec_thumb.jpg\",\"name\":\"WhatsApp Image 2025-04-08 at 21.31.17_bedb1ca2.jpg\",\"type\":\"image\/jpeg\"},{\"url\":\"https:\/\/flexie-des.s3.amazonaws.com\/des\/listings\/gallery\/00ab02a536ff00910eec4c201d35351b.jpg\",\"thumbnail\":\"https:\/\/flexie-des.s3.amazonaws.com\/des\/listings\/gallery\/00ab02a536ff00910eec4c201d35351b_thumb.jpg\",\"name\":\"WhatsApp Image 2025-04-08 at 21.31.17_3b029071.jpg\",\"type\":\"image\/jpeg\"},{\"url\":\"https:\/\/flexie-des.s3.amazonaws.com\/des\/listings\/gallery\/4851f53b849c7446716aa5afcc1ef6f3.jpg\",\"thumbnail\":\"https:\/\/flexie-des.s3.amazonaws.com\/des\/listings\/gallery\/4851f53b849c7446716aa5afcc1ef6f3_thumb.jpg\",\"name\":\"WhatsApp Image 2025-04-08 at 21.31.16_1c2cfa37.jpg\",\"type\":\"image\/jpeg\"},{\"url\":\"https:\/\/flexie-des.s3.amazonaws.com\/des\/listings\/gallery\/7d7fb3b8db7264f8299f482ac28185db.jpg\",\"thumbnail\":\"https:\/\/flexie-des.s3.amazonaws.com\/des\/listings\/gallery\/7d7fb3b8db7264f8299f482ac28185db_thumb.jpg\",\"name\":\"WhatsApp Image 2025-04-08 at 21.31.08_da678f9a.jpg\",\"type\":\"image\/jpeg\"},{\"url\":\"https:\/\/flexie-des.s3.amazonaws.com\/des\/listings\/gallery\/05ea32946b983840c940fad5fba581e6.jpg\",\"thumbnail\":\"https:\/\/flexie-des.s3.amazonaws.com\/des\/listings\/gallery\/05ea32946b983840c940fad5fba581e6_thumb.jpg\",\"name\":\"WhatsApp Image 2025-04-08 at 21.31.17_4deb6d91.jpg\",\"type\":\"image\/jpeg\"},{\"url\":\"https:\/\/flexie-des.s3.amazonaws.com\/des\/listings\/gallery\/d8c80de72b35aaef6c67e8654bb51323.jpg\",\"thumbnail\":\"https:\/\/flexie-des.s3.amazonaws.com\/des\/listings\/gallery\/d8c80de72b35aaef6c67e8654bb51323_thumb.jpg\",\"name\":\"WhatsApp Image 2025-04-08 at 21.31.18_aa8dca56.jpg\",\"type\":\"image\/jpeg\"},{\"url\":\"https:\/\/flexie-des.s3.amazonaws.com\/des\/listings\/gallery\/f7fcbd01421be0ba3d47d274458527a5.jpg\",\"thumbnail\":\"https:\/\/flexie-des.s3.amazonaws.com\/des\/listings\/gallery\/f7fcbd01421be0ba3d47d274458527a5_thumb.jpg\",\"name\":\"WhatsApp Image 2025-04-08 at 21.31.16_c9051439.jpg\",\"type\":\"image\/jpeg\"},{\"url\":\"https:\/\/flexie-des.s3.amazonaws.com\/des\/listings\/gallery\/9b1a289104c3fbe368c528d7fe679977.jpg\",\"thumbnail\":\"https:\/\/flexie-des.s3.amazonaws.com\/des\/listings\/gallery\/9b1a289104c3fbe368c528d7fe679977_thumb.jpg\",\"name\":\"WhatsApp Image 2025-04-08 at 21.31.17_515b16be.jpg\",\"type\":\"image\/jpeg\"}]","yoast_head":"<!-- This site is optimized with the Yoast SEO Premium plugin v15.2 - https:\/\/yoast.com\/wordpress\/plugins\/seo\/ -->\n<title>\ud83c\udd95\ud83c\udfe1 JEPET ME QIRA APARTAMENT 2+1 N\u00cb PLAZH T\u00cb VJET\u00cbR ,VLOR\u00cb \ud83d\udccd Pran\u00eb Real Hotel - DES Real Estate<\/title>\n<meta name=\"robots\" content=\"index, follow, max-snippet:-1, max-image-preview:large, max-video-preview:-1\" \/>\n<link rel=\"canonical\" href=\"https:\/\/desrealestate.al\/sq\/property\/\ud83c\udd95\ud83c\udfe1-jepet-me-qira-apartament-21-ne-plazh-te-vjeter-vlore-\ud83d\udccd-prane-real-hotel-2\/\" \/>\n<meta property=\"og:locale\" content=\"sq_AL\" \/>\n<meta property=\"og:type\" content=\"article\" \/>\n<meta property=\"og:title\" content=\"\ud83c\udd95\ud83c\udfe1 JEPET ME QIRA APARTAMENT 2+1 N\u00cb PLAZH T\u00cb VJET\u00cbR ,VLOR\u00cb \ud83d\udccd Pran\u00eb Real Hotel - DES Real Estate\" \/>\n<meta property=\"og:description\" content=\"\ud83c\udd95\ud83c\udfe1 JEPET ME QIRA APARTAMENT 2+1 N\u00cb PLAZH T\u00cb VJET\u00cbR ,VLOR\u00cb\ud83d\udccd Pran\u00eb Real Hotel \ud83d\udcb6 \u00c7mimi: 500 Euro\/Muaj\ud83d\udcd0 Sip\u00ebrfaqe: 108 m2\/Total\ud83d\udccd Vendndodhja: Rruga Sazani ,Vlore\u2714 Me qira afatgjat\u00eb \ud83c\udf0a Ky apartament \u00ebsht\u00eb zgjedhja ideale p\u00ebr ata q\u00eb d\u00ebshirojn\u00eb t\u00eb p\u00ebrjetojn\u00eb jet\u00ebn pran\u00eb detit ,me nj\u00eb pamje q\u00eb i jep \u00e7do dit\u00eb nj\u00eb atmosfer\u00eb inspiruese dhe [&hellip;]\" \/>\n<meta property=\"og:url\" content=\"https:\/\/desrealestate.al\/sq\/property\/\ud83c\udd95\ud83c\udfe1-jepet-me-qira-apartament-21-ne-plazh-te-vjeter-vlore-\ud83d\udccd-prane-real-hotel-2\/\" \/>\n<meta property=\"og:site_name\" content=\"DES Real Estate\" \/>\n<meta property=\"article:publisher\" content=\"https:\/\/www.facebook.com\/DesRealEstate.al\/\" \/>\n<meta property=\"og:image\" content=\"https:\/\/desrealestate.al\/wp-content\/uploads\/2020\/11\/DES-Real-Estate-Logo-Vertikale-fb.jpg\" \/>\n\t<meta property=\"og:image:width\" content=\"1102\" \/>\n\t<meta property=\"og:image:height\" content=\"596\" \/>\n<meta property=\"fb:app_id\" content=\"387924425682656\" \/>\n<meta name=\"twitter:card\" content=\"summary_large_image\" \/>\n<meta name=\"twitter:label1\" value=\"Written by\">\n\t<meta name=\"twitter:data1\" value=\"master\">\n\t<meta name=\"twitter:label2\" value=\"Est. reading time\">\n\t<meta name=\"twitter:data2\" value=\"1 minut\u00eb\">\n<script type=\"application\/ld+json\" class=\"yoast-schema-graph\">{\"@context\":\"https:\/\/schema.org\",\"@graph\":[{\"@type\":\"Organization\",\"@id\":\"https:\/\/desrealestate.al\/sq\/#organization\",\"name\":\"DES Real Estate\",\"url\":\"https:\/\/desrealestate.al\/sq\/\",\"sameAs\":[\"https:\/\/www.facebook.com\/DesRealEstate.al\/\",\"https:\/\/www.instagram.com\/desrealestate.al\/\"],\"logo\":{\"@type\":\"ImageObject\",\"@id\":\"https:\/\/desrealestate.al\/sq\/#logo\",\"inLanguage\":\"sq\",\"url\":\"https:\/\/desrealestate.al\/wp-content\/uploads\/2020\/05\/DES-Real-Estate-Logo-Vertikale.png\",\"width\":171,\"height\":115,\"caption\":\"DES Real Estate\"},\"image\":{\"@id\":\"https:\/\/desrealestate.al\/sq\/#logo\"}},{\"@type\":\"WebSite\",\"@id\":\"https:\/\/desrealestate.al\/sq\/#website\",\"url\":\"https:\/\/desrealestate.al\/sq\/\",\"name\":\"DES Real Estate\",\"description\":\"Sht\\u00ebpia \\u00ebsht\\u00eb e para\",\"publisher\":{\"@id\":\"https:\/\/desrealestate.al\/sq\/#organization\"},\"potentialAction\":[{\"@type\":\"SearchAction\",\"target\":\"https:\/\/desrealestate.al\/sq\/?s={search_term_string}\",\"query-input\":\"required name=search_term_string\"}],\"inLanguage\":\"sq\"},{\"@type\":\"WebPage\",\"@id\":\"https:\/\/desrealestate.al\/sq\/property\/%f0%9f%86%95%f0%9f%8f%a1-jepet-me-qira-apartament-21-ne-plazh-te-vjeter-vlore-%f0%9f%93%8d-prane-real-hotel-2\/#webpage\",\"url\":\"https:\/\/desrealestate.al\/sq\/property\/%f0%9f%86%95%f0%9f%8f%a1-jepet-me-qira-apartament-21-ne-plazh-te-vjeter-vlore-%f0%9f%93%8d-prane-real-hotel-2\/\",\"name\":\"\\ud83c\\udd95\\ud83c\\udfe1 JEPET ME QIRA APARTAMENT 2+1 N\\u00cb PLAZH T\\u00cb VJET\\u00cbR ,VLOR\\u00cb \\ud83d\\udccd Pran\\u00eb Real Hotel - DES Real Estate\",\"isPartOf\":{\"@id\":\"https:\/\/desrealestate.al\/sq\/#website\"},\"datePublished\":\"2025-04-09T08:12:26+00:00\",\"dateModified\":\"2025-04-09T08:12:26+00:00\",\"inLanguage\":\"sq\",\"potentialAction\":[{\"@type\":\"ReadAction\",\"target\":[\"https:\/\/desrealestate.al\/sq\/property\/%f0%9f%86%95%f0%9f%8f%a1-jepet-me-qira-apartament-21-ne-plazh-te-vjeter-vlore-%f0%9f%93%8d-prane-real-hotel-2\/\"]}]}]}<\/script>\n<!-- \/ Yoast SEO Premium plugin. -->","_links":{"self":[{"href":"https:\/\/desrealestate.al\/sq\/wp-json\/wp\/v2\/property-api\/79740"}],"collection":[{"href":"https:\/\/desrealestate.al\/sq\/wp-json\/wp\/v2\/property-api"}],"about":[{"href":"https:\/\/desrealestate.al\/sq\/wp-json\/wp\/v2\/types\/property"}],"author":[{"embeddable":true,"href":"https:\/\/desrealestate.al\/sq\/wp-json\/wp\/v2\/users\/1"}],"replies":[{"embeddable":true,"href":"https:\/\/desrealestate.al\/sq\/wp-json\/wp\/v2\/comments?post=79740"}],"version-history":[{"count":0,"href":"https:\/\/desrealestate.al\/sq\/wp-json\/wp\/v2\/property-api\/79740\/revisions"}],"wp:attachment":[{"href":"https:\/\/desrealestate.al\/sq\/wp-json\/wp\/v2\/media?parent=79740"}],"wp:term":[{"taxonomy":"property-type","embeddable":true,"href":"https:\/\/desrealestate.al\/sq\/wp-json\/wp\/v2\/property-type-api?post=79740"},{"taxonomy":"property-status","embeddable":true,"href":"https:\/\/desrealestate.al\/sq\/wp-json\/wp\/v2\/property-status-api?post=79740"},{"taxonomy":"property-city","embeddable":true,"href":"https:\/\/desrealestate.al\/sq\/wp-json\/wp\/v2\/property-city-api?post=79740"},{"taxonomy":"property-feature","embeddable":true,"href":"https:\/\/desrealestate.al\/sq\/wp-json\/wp\/v2\/property-feature-api?post=79740"}],"curies":[{"name":"wp","href":"https:\/\/api.w.org\/{rel}","templated":true}]}}