{"id":81440,"date":"2025-07-14T08:35:05","date_gmt":"2025-07-14T08:35:05","guid":{"rendered":"https:\/\/desrealestate.al\/sq\/property\/jepet-me-qera-garazh-ne-zonen-e-bllokut\/"},"modified":"2025-08-01T07:29:55","modified_gmt":"2025-08-01T07:29:55","slug":"jepet-me-qera-garazh-ne-zonen-e-bllokut","status":"publish","type":"property","link":"https:\/\/desrealestate.al\/sq\/property\/jepet-me-qera-garazh-ne-zonen-e-bllokut\/","title":{"rendered":"Jepet me qera Garazh ne zonen e Bllokut!"},"content":{"rendered":"<p>Garazh me Qira n\u00eb Bllok \u2013 Mund\u00ebsi P\u00ebrdorimi si Zyr\u00eb ose Dyqan \u2013 500\u20ac\/muaj<\/p>\n<p>Jepet me qira nj\u00eb ambient prej 25 m\u00b2 n\u00eb nj\u00eb nga zonat m\u00eb t\u00eb k\u00ebrkuara t\u00eb Tiran\u00ebs \u2013 Blloku. Ambienti aktualisht \u00ebsht\u00eb i ndar\u00eb si garazh, por p\u00ebr shkak t\u00eb vendndodhjes strategjike dhe organizimit funksional, \u00ebsht\u00eb i p\u00ebrshtatsh\u00ebm p\u00ebr t\u2019u p\u00ebrdorur si zyr\u00eb, dyqan, studio, depo ose sh\u00ebrbime t\u00eb ndryshme.<\/p>\n<p>\ud83d\udd39 Sip\u00ebrfaqe: 25 m\u00b2<br \/>\ud83d\udd39 Qira mujore: 500 Euro<br \/>\ud83d\udd39 Vendndodhje: Zemra e Bllokut \u2013 akses i leht\u00eb n\u00eb rrug\u00ebt kryesore<br \/>\ud83d\udd39 Hyrje e dedikuar dhe mund\u00ebsi reklamimi<br \/>\ud83d\udd39 E p\u00ebrshtatshme p\u00ebr biznese t\u00eb vogla, startup-e, studio dizajni, etj.<\/p>\n<p>P\u00ebr m\u00eb shum\u00eb informacion ose p\u00ebr t\u00eb organizuar nj\u00eb vizit\u00eb n\u00eb prone kontaktoni ne 0697032241.<\/p>\n","protected":false},"excerpt":{"rendered":"<p>Garazh me Qira n\u00eb Bllok \u2013 Mund\u00ebsi P\u00ebrdorimi si Zyr\u00eb ose Dyqan \u2013 500\u20ac\/muaj Jepet me qira nj\u00eb ambient prej 25 m\u00b2 n\u00eb nj\u00eb nga zonat m\u00eb t\u00eb k\u00ebrkuara t\u00eb Tiran\u00ebs \u2013 Blloku. Ambienti aktualisht \u00ebsht\u00eb i ndar\u00eb si garazh, por p\u00ebr shkak t\u00eb vendndodhjes strategjike dhe organizimit funksional, \u00ebsht\u00eb i p\u00ebrshtatsh\u00ebm p\u00ebr t\u2019u p\u00ebrdorur [&hellip;]<\/p>\n","protected":false},"author":1,"featured_media":0,"parent":0,"menu_order":0,"comment_status":"closed","ping_status":"closed","template":"","property-type-api":[336],"property-status-api":[24],"property-city-api":[349,45],"property-feature-api":[],"class_list":["post-81440","property","type-property","status-publish","hentry","property-type-garazh","property-status-for-rent","property-city-shqiperi","property-city-tirane"],"REAL_HOMES_property_price":"500","REAL_HOMES_property_price_type":"Muaj","REAL_HOMES_property_price_postfix":"EUR","REAL_HOMES_property_id":"17396","REAL_HOMES_property_size":"","REAL_HOMES_property_size_postfix":"","REAL_HOMES_property_bedrooms":"","REAL_HOMES_property_bathrooms":"","REAL_HOMES_property_garage":"","REAL_HOMES_additional_details":{"Tipi Pron\u00ebs":"Garazh","Qyteti":"Tirane","\u00c7ertifikat\u00eb Pron\u00ebsie":"Po","\u00c7mimi Negociuesh\u00ebm":"  Po","Kati Pron\u00ebs":"","Pozicioni Pron\u00ebs":"","Tipi Listimit":"Qira"},"REAL_HOMES_property_address":"Rruga Brigada VIII","REAL_HOMES_property_location":"41.321407876028,19.814742076092","REAL_HOMES_attachments":"","REAL_HOMES_agent_display_option":"","REAL_HOMES_agents":"81690","REAL_HOMES_slider_image":"","payment_status":"","REAL_HOMES_tour_video_url":"","REAL_HOMES_tour_video_image":"","REAL_HOMES_property_year_built":"","REAL_HOMES_image_object":"[{\"url\":\"https:\/\/flexie-des.s3.amazonaws.com\/des\/tmp\/gallery\/41e5a1f8a11f7142998e04329a9b6f64.jpeg\",\"thumbnail\":\"https:\/\/flexie-des.s3.amazonaws.com\/des\/tmp\/gallery\/41e5a1f8a11f7142998e04329a9b6f64_thumb.jpeg\",\"name\":\"3f85cb64-3480-43dd-a69b-b9c3ae49bb34.jpeg\",\"type\":\"image\/jpeg\",\"is_default\":1},{\"url\":\"https:\/\/flexie-des.s3.amazonaws.com\/des\/tmp\/gallery\/880d0f2b520a87df66e120f8e71390be.jpeg\",\"thumbnail\":\"https:\/\/flexie-des.s3.amazonaws.com\/des\/tmp\/gallery\/880d0f2b520a87df66e120f8e71390be_thumb.jpeg\",\"name\":\"ca07b845-2464-4722-a3f2-7b43fb0b118c.jpeg\",\"type\":\"image\/jpeg\"}]","yoast_head":"<!-- This site is optimized with the Yoast SEO Premium plugin v15.2 - https:\/\/yoast.com\/wordpress\/plugins\/seo\/ -->\n<title>Jepet me qera Garazh ne zonen e Bllokut! - DES Real Estate<\/title>\n<meta name=\"robots\" content=\"index, follow, max-snippet:-1, max-image-preview:large, max-video-preview:-1\" \/>\n<link rel=\"canonical\" href=\"https:\/\/desrealestate.al\/sq\/property\/jepet-me-qera-garazh-ne-zonen-e-bllokut\/\" \/>\n<meta property=\"og:locale\" content=\"sq_AL\" \/>\n<meta property=\"og:type\" content=\"article\" \/>\n<meta property=\"og:title\" content=\"Jepet me qera Garazh ne zonen e Bllokut! - DES Real Estate\" \/>\n<meta property=\"og:description\" content=\"Garazh me Qira n\u00eb Bllok \u2013 Mund\u00ebsi P\u00ebrdorimi si Zyr\u00eb ose Dyqan \u2013 500\u20ac\/muaj Jepet me qira nj\u00eb ambient prej 25 m\u00b2 n\u00eb nj\u00eb nga zonat m\u00eb t\u00eb k\u00ebrkuara t\u00eb Tiran\u00ebs \u2013 Blloku. Ambienti aktualisht \u00ebsht\u00eb i ndar\u00eb si garazh, por p\u00ebr shkak t\u00eb vendndodhjes strategjike dhe organizimit funksional, \u00ebsht\u00eb i p\u00ebrshtatsh\u00ebm p\u00ebr t\u2019u p\u00ebrdorur [&hellip;]\" \/>\n<meta property=\"og:url\" content=\"https:\/\/desrealestate.al\/sq\/property\/jepet-me-qera-garazh-ne-zonen-e-bllokut\/\" \/>\n<meta property=\"og:site_name\" content=\"DES Real Estate\" \/>\n<meta property=\"article:publisher\" content=\"https:\/\/www.facebook.com\/DesRealEstate.al\/\" \/>\n<meta property=\"article:modified_time\" content=\"2025-08-01T07:29:55+00:00\" \/>\n<meta property=\"og:image\" content=\"https:\/\/desrealestate.al\/wp-content\/uploads\/2020\/11\/DES-Real-Estate-Logo-Vertikale-fb.jpg\" \/>\n\t<meta property=\"og:image:width\" content=\"1102\" \/>\n\t<meta property=\"og:image:height\" content=\"596\" \/>\n<meta property=\"fb:app_id\" content=\"387924425682656\" \/>\n<meta name=\"twitter:card\" content=\"summary_large_image\" \/>\n<meta name=\"twitter:label1\" value=\"Written by\">\n\t<meta name=\"twitter:data1\" value=\"master\">\n\t<meta name=\"twitter:label2\" value=\"Est. reading time\">\n\t<meta name=\"twitter:data2\" value=\"0 minuta\">\n<script type=\"application\/ld+json\" class=\"yoast-schema-graph\">{\"@context\":\"https:\/\/schema.org\",\"@graph\":[{\"@type\":\"Organization\",\"@id\":\"https:\/\/desrealestate.al\/sq\/#organization\",\"name\":\"DES Real Estate\",\"url\":\"https:\/\/desrealestate.al\/sq\/\",\"sameAs\":[\"https:\/\/www.facebook.com\/DesRealEstate.al\/\",\"https:\/\/www.instagram.com\/desrealestate.al\/\"],\"logo\":{\"@type\":\"ImageObject\",\"@id\":\"https:\/\/desrealestate.al\/sq\/#logo\",\"inLanguage\":\"sq\",\"url\":\"https:\/\/desrealestate.al\/wp-content\/uploads\/2020\/05\/DES-Real-Estate-Logo-Vertikale.png\",\"width\":171,\"height\":115,\"caption\":\"DES Real Estate\"},\"image\":{\"@id\":\"https:\/\/desrealestate.al\/sq\/#logo\"}},{\"@type\":\"WebSite\",\"@id\":\"https:\/\/desrealestate.al\/sq\/#website\",\"url\":\"https:\/\/desrealestate.al\/sq\/\",\"name\":\"DES Real Estate\",\"description\":\"Sht\\u00ebpia \\u00ebsht\\u00eb e para\",\"publisher\":{\"@id\":\"https:\/\/desrealestate.al\/sq\/#organization\"},\"potentialAction\":[{\"@type\":\"SearchAction\",\"target\":\"https:\/\/desrealestate.al\/sq\/?s={search_term_string}\",\"query-input\":\"required name=search_term_string\"}],\"inLanguage\":\"sq\"},{\"@type\":\"WebPage\",\"@id\":\"https:\/\/desrealestate.al\/sq\/property\/jepet-me-qera-garazh-ne-zonen-e-bllokut\/#webpage\",\"url\":\"https:\/\/desrealestate.al\/sq\/property\/jepet-me-qera-garazh-ne-zonen-e-bllokut\/\",\"name\":\"Jepet me qera Garazh ne zonen e Bllokut! - DES Real Estate\",\"isPartOf\":{\"@id\":\"https:\/\/desrealestate.al\/sq\/#website\"},\"datePublished\":\"2025-07-14T08:35:05+00:00\",\"dateModified\":\"2025-08-01T07:29:55+00:00\",\"inLanguage\":\"sq\",\"potentialAction\":[{\"@type\":\"ReadAction\",\"target\":[\"https:\/\/desrealestate.al\/sq\/property\/jepet-me-qera-garazh-ne-zonen-e-bllokut\/\"]}]}]}<\/script>\n<!-- \/ Yoast SEO Premium plugin. -->","_links":{"self":[{"href":"https:\/\/desrealestate.al\/sq\/wp-json\/wp\/v2\/property-api\/81440"}],"collection":[{"href":"https:\/\/desrealestate.al\/sq\/wp-json\/wp\/v2\/property-api"}],"about":[{"href":"https:\/\/desrealestate.al\/sq\/wp-json\/wp\/v2\/types\/property"}],"author":[{"embeddable":true,"href":"https:\/\/desrealestate.al\/sq\/wp-json\/wp\/v2\/users\/1"}],"replies":[{"embeddable":true,"href":"https:\/\/desrealestate.al\/sq\/wp-json\/wp\/v2\/comments?post=81440"}],"version-history":[{"count":0,"href":"https:\/\/desrealestate.al\/sq\/wp-json\/wp\/v2\/property-api\/81440\/revisions"}],"wp:attachment":[{"href":"https:\/\/desrealestate.al\/sq\/wp-json\/wp\/v2\/media?parent=81440"}],"wp:term":[{"taxonomy":"property-type","embeddable":true,"href":"https:\/\/desrealestate.al\/sq\/wp-json\/wp\/v2\/property-type-api?post=81440"},{"taxonomy":"property-status","embeddable":true,"href":"https:\/\/desrealestate.al\/sq\/wp-json\/wp\/v2\/property-status-api?post=81440"},{"taxonomy":"property-city","embeddable":true,"href":"https:\/\/desrealestate.al\/sq\/wp-json\/wp\/v2\/property-city-api?post=81440"},{"taxonomy":"property-feature","embeddable":true,"href":"https:\/\/desrealestate.al\/sq\/wp-json\/wp\/v2\/property-feature-api?post=81440"}],"curies":[{"name":"wp","href":"https:\/\/api.w.org\/{rel}","templated":true}]}}