{"id":81670,"date":"2025-07-18T12:23:33","date_gmt":"2025-07-18T12:23:33","guid":{"rendered":"https:\/\/desrealestate.al\/sq\/property\/jepet-me-qera-apartament-122-ne-kodren-e-diellit\/"},"modified":"2025-08-01T07:30:05","modified_gmt":"2025-08-01T07:30:05","slug":"jepet-me-qera-apartament-122-ne-kodren-e-diellit","status":"publish","type":"property","link":"https:\/\/desrealestate.al\/sq\/property\/jepet-me-qera-apartament-122-ne-kodren-e-diellit\/","title":{"rendered":"Jepet me qera apartament 1+2+2 ne Kodren e Diellit!"},"content":{"rendered":"<p>Apartament me Qira \u2013 Kodra e Diellit<br \/>\ud83d\udccd Lokacioni: Kodra e Diellit<br \/>\ud83c\udfe0 Tipologjia: 1+2 (1 dhom\u00eb ndenjeje + 2 dhoma gjumi)<br \/>\ud83d\udec1 Banjo: 2<br \/>\ud83c\udf3f Ballkone: 2<br \/>\ud83d\udcd0 Sip\u00ebrfaqe: 96 m\u00b2<br \/>\ud83d\udccd Kati: 2<br \/>\ud83d\udcb6 \u00c7mimi: 580\u20ac\/muaj<\/p>\n<p>Ofrohet me qira nj\u00eb apartament i bollsh\u00ebm dhe i mir\u00eborganizuar n\u00eb nj\u00eb nga zonat m\u00eb t\u00eb k\u00ebrkuara t\u00eb Tiran\u00ebs, Kodra e Diellit. Ambienti ndodhet n\u00eb katin e dyt\u00eb t\u00eb nj\u00eb nd\u00ebrtese cil\u00ebsore, me ashensor dhe administrim t\u00eb mir\u00eb.<\/p>\n<p>Apartamenti ka ndri\u00e7im natyral t\u00eb bollsh\u00ebm gjat\u00eb gjith\u00eb dit\u00ebs fal\u00eb orientimit t\u00eb tij dhe dy ballkoneve q\u00eb ofrojn\u00eb pamje t\u00eb k\u00ebndshme dhe ajrim t\u00eb shk\u00eblqyer.<br \/>Ideale p\u00ebr familje ose individ\u00eb q\u00eb k\u00ebrkojn\u00eb rehati dhe qet\u00ebsi, duke qen\u00eb shum\u00eb pran\u00eb sh\u00ebrbimeve kryesore, shkollave dhe faciliteteve t\u00eb lagjes.<\/p>\n<p>\ud83d\udcde P\u00ebr m\u00eb shum\u00eb informacion ose p\u00ebr t\u00eb organizuar nj\u00eb vizit\u00eb, na kontaktoni ne numrin 0697032241.<\/p>\n","protected":false},"excerpt":{"rendered":"<p>Apartament me Qira \u2013 Kodra e Diellit\ud83d\udccd Lokacioni: Kodra e Diellit\ud83c\udfe0 Tipologjia: 1+2 (1 dhom\u00eb ndenjeje + 2 dhoma gjumi)\ud83d\udec1 Banjo: 2\ud83c\udf3f Ballkone: 2\ud83d\udcd0 Sip\u00ebrfaqe: 96 m\u00b2\ud83d\udccd Kati: 2\ud83d\udcb6 \u00c7mimi: 580\u20ac\/muaj Ofrohet me qira nj\u00eb apartament i bollsh\u00ebm dhe i mir\u00eborganizuar n\u00eb nj\u00eb nga zonat m\u00eb t\u00eb k\u00ebrkuara t\u00eb Tiran\u00ebs, Kodra e Diellit. Ambienti ndodhet [&hellip;]<\/p>\n","protected":false},"author":1,"featured_media":0,"parent":0,"menu_order":0,"comment_status":"closed","ping_status":"closed","template":"","property-type-api":[38],"property-status-api":[24],"property-city-api":[349,45],"property-feature-api":[],"class_list":["post-81670","property","type-property","status-publish","hentry","property-type-apartament","property-status-for-rent","property-city-shqiperi","property-city-tirane"],"REAL_HOMES_property_price":"580","REAL_HOMES_property_price_type":"Muaj","REAL_HOMES_property_price_postfix":"EUR","REAL_HOMES_property_id":"17411","REAL_HOMES_property_size":"","REAL_HOMES_property_size_postfix":"","REAL_HOMES_property_bedrooms":"","REAL_HOMES_property_bathrooms":"","REAL_HOMES_property_garage":"","REAL_HOMES_additional_details":{"Tipi Pron\u00ebs":"Apartament","Qyteti":"Tirane","\u00c7ertifikat\u00eb Pron\u00ebsie":"Po","\u00c7mimi Negociuesh\u00ebm":"  Po","Kati Pron\u00ebs":"","Pozicioni Pron\u00ebs":"","Tipi Listimit":"Qira"},"REAL_HOMES_property_address":"Kodra e Diellit","REAL_HOMES_property_location":"41.31052691303,19.800827789559","REAL_HOMES_attachments":"","REAL_HOMES_agent_display_option":"","REAL_HOMES_agents":"81690","REAL_HOMES_slider_image":"","payment_status":"","REAL_HOMES_tour_video_url":"","REAL_HOMES_tour_video_image":"","REAL_HOMES_property_year_built":"","REAL_HOMES_image_object":"[{\"url\":\"https:\/\/flexie-des.s3.amazonaws.com\/des\/listings\/gallery\/6ba74233a508bc06c6311bf713bb202c.jpg\",\"thumbnail\":\"https:\/\/flexie-des.s3.amazonaws.com\/des\/listings\/gallery\/6ba74233a508bc06c6311bf713bb202c_thumb.jpg\",\"name\":\"65e0a9b9-c3a5-4563-a7aa-8ca53f62f94b.jpg\",\"type\":\"image\/jpeg\",\"is_default\":1},{\"url\":\"https:\/\/flexie-des.s3.amazonaws.com\/des\/listings\/gallery\/5d2e1aaea56b8f5182175db3efa85243.jpg\",\"thumbnail\":\"https:\/\/flexie-des.s3.amazonaws.com\/des\/listings\/gallery\/5d2e1aaea56b8f5182175db3efa85243_thumb.jpg\",\"name\":\"cfc06a02-c4bb-4785-bba8-c259cdff81bc.jpg\",\"type\":\"image\/jpeg\"}]","yoast_head":"<!-- This site is optimized with the Yoast SEO Premium plugin v15.2 - https:\/\/yoast.com\/wordpress\/plugins\/seo\/ -->\n<title>Jepet me qera apartament 1+2+2 ne Kodren e Diellit! - DES Real Estate<\/title>\n<meta name=\"robots\" content=\"index, follow, max-snippet:-1, max-image-preview:large, max-video-preview:-1\" \/>\n<link rel=\"canonical\" href=\"https:\/\/desrealestate.al\/sq\/property\/jepet-me-qera-apartament-122-ne-kodren-e-diellit\/\" \/>\n<meta property=\"og:locale\" content=\"sq_AL\" \/>\n<meta property=\"og:type\" content=\"article\" \/>\n<meta property=\"og:title\" content=\"Jepet me qera apartament 1+2+2 ne Kodren e Diellit! - DES Real Estate\" \/>\n<meta property=\"og:description\" content=\"Apartament me Qira \u2013 Kodra e Diellit\ud83d\udccd Lokacioni: Kodra e Diellit\ud83c\udfe0 Tipologjia: 1+2 (1 dhom\u00eb ndenjeje + 2 dhoma gjumi)\ud83d\udec1 Banjo: 2\ud83c\udf3f Ballkone: 2\ud83d\udcd0 Sip\u00ebrfaqe: 96 m\u00b2\ud83d\udccd Kati: 2\ud83d\udcb6 \u00c7mimi: 580\u20ac\/muaj Ofrohet me qira nj\u00eb apartament i bollsh\u00ebm dhe i mir\u00eborganizuar n\u00eb nj\u00eb nga zonat m\u00eb t\u00eb k\u00ebrkuara t\u00eb Tiran\u00ebs, Kodra e Diellit. Ambienti ndodhet [&hellip;]\" \/>\n<meta property=\"og:url\" content=\"https:\/\/desrealestate.al\/sq\/property\/jepet-me-qera-apartament-122-ne-kodren-e-diellit\/\" \/>\n<meta property=\"og:site_name\" content=\"DES Real Estate\" \/>\n<meta property=\"article:publisher\" content=\"https:\/\/www.facebook.com\/DesRealEstate.al\/\" \/>\n<meta property=\"article:modified_time\" content=\"2025-08-01T07:30:05+00:00\" \/>\n<meta property=\"og:image\" content=\"https:\/\/desrealestate.al\/wp-content\/uploads\/2020\/11\/DES-Real-Estate-Logo-Vertikale-fb.jpg\" \/>\n\t<meta property=\"og:image:width\" content=\"1102\" \/>\n\t<meta property=\"og:image:height\" content=\"596\" \/>\n<meta property=\"fb:app_id\" content=\"387924425682656\" \/>\n<meta name=\"twitter:card\" content=\"summary_large_image\" \/>\n<meta name=\"twitter:label1\" value=\"Written by\">\n\t<meta name=\"twitter:data1\" value=\"master\">\n\t<meta name=\"twitter:label2\" value=\"Est. reading time\">\n\t<meta name=\"twitter:data2\" value=\"1 minut\u00eb\">\n<script type=\"application\/ld+json\" class=\"yoast-schema-graph\">{\"@context\":\"https:\/\/schema.org\",\"@graph\":[{\"@type\":\"Organization\",\"@id\":\"https:\/\/desrealestate.al\/sq\/#organization\",\"name\":\"DES Real Estate\",\"url\":\"https:\/\/desrealestate.al\/sq\/\",\"sameAs\":[\"https:\/\/www.facebook.com\/DesRealEstate.al\/\",\"https:\/\/www.instagram.com\/desrealestate.al\/\"],\"logo\":{\"@type\":\"ImageObject\",\"@id\":\"https:\/\/desrealestate.al\/sq\/#logo\",\"inLanguage\":\"sq\",\"url\":\"https:\/\/desrealestate.al\/wp-content\/uploads\/2020\/05\/DES-Real-Estate-Logo-Vertikale.png\",\"width\":171,\"height\":115,\"caption\":\"DES Real Estate\"},\"image\":{\"@id\":\"https:\/\/desrealestate.al\/sq\/#logo\"}},{\"@type\":\"WebSite\",\"@id\":\"https:\/\/desrealestate.al\/sq\/#website\",\"url\":\"https:\/\/desrealestate.al\/sq\/\",\"name\":\"DES Real Estate\",\"description\":\"Sht\\u00ebpia \\u00ebsht\\u00eb e para\",\"publisher\":{\"@id\":\"https:\/\/desrealestate.al\/sq\/#organization\"},\"potentialAction\":[{\"@type\":\"SearchAction\",\"target\":\"https:\/\/desrealestate.al\/sq\/?s={search_term_string}\",\"query-input\":\"required name=search_term_string\"}],\"inLanguage\":\"sq\"},{\"@type\":\"WebPage\",\"@id\":\"https:\/\/desrealestate.al\/sq\/property\/jepet-me-qera-apartament-122-ne-kodren-e-diellit\/#webpage\",\"url\":\"https:\/\/desrealestate.al\/sq\/property\/jepet-me-qera-apartament-122-ne-kodren-e-diellit\/\",\"name\":\"Jepet me qera apartament 1+2+2 ne Kodren e Diellit! - DES Real Estate\",\"isPartOf\":{\"@id\":\"https:\/\/desrealestate.al\/sq\/#website\"},\"datePublished\":\"2025-07-18T12:23:33+00:00\",\"dateModified\":\"2025-08-01T07:30:05+00:00\",\"inLanguage\":\"sq\",\"potentialAction\":[{\"@type\":\"ReadAction\",\"target\":[\"https:\/\/desrealestate.al\/sq\/property\/jepet-me-qera-apartament-122-ne-kodren-e-diellit\/\"]}]}]}<\/script>\n<!-- \/ Yoast SEO Premium plugin. -->","_links":{"self":[{"href":"https:\/\/desrealestate.al\/sq\/wp-json\/wp\/v2\/property-api\/81670"}],"collection":[{"href":"https:\/\/desrealestate.al\/sq\/wp-json\/wp\/v2\/property-api"}],"about":[{"href":"https:\/\/desrealestate.al\/sq\/wp-json\/wp\/v2\/types\/property"}],"author":[{"embeddable":true,"href":"https:\/\/desrealestate.al\/sq\/wp-json\/wp\/v2\/users\/1"}],"replies":[{"embeddable":true,"href":"https:\/\/desrealestate.al\/sq\/wp-json\/wp\/v2\/comments?post=81670"}],"version-history":[{"count":0,"href":"https:\/\/desrealestate.al\/sq\/wp-json\/wp\/v2\/property-api\/81670\/revisions"}],"wp:attachment":[{"href":"https:\/\/desrealestate.al\/sq\/wp-json\/wp\/v2\/media?parent=81670"}],"wp:term":[{"taxonomy":"property-type","embeddable":true,"href":"https:\/\/desrealestate.al\/sq\/wp-json\/wp\/v2\/property-type-api?post=81670"},{"taxonomy":"property-status","embeddable":true,"href":"https:\/\/desrealestate.al\/sq\/wp-json\/wp\/v2\/property-status-api?post=81670"},{"taxonomy":"property-city","embeddable":true,"href":"https:\/\/desrealestate.al\/sq\/wp-json\/wp\/v2\/property-city-api?post=81670"},{"taxonomy":"property-feature","embeddable":true,"href":"https:\/\/desrealestate.al\/sq\/wp-json\/wp\/v2\/property-feature-api?post=81670"}],"curies":[{"name":"wp","href":"https:\/\/api.w.org\/{rel}","templated":true}]}}