{"id":85496,"date":"2026-04-27T11:46:29","date_gmt":"2026-04-27T11:46:29","guid":{"rendered":"https:\/\/desrealestate.al\/sq\/property\/%f0%9f%93%a2%f0%9f%93%8d-jepen-me-qira-dy-ambiente-biznesi-prane-fakultetit-te-shkencave-humane-vlore\/"},"modified":"2026-04-27T11:58:50","modified_gmt":"2026-04-27T11:58:50","slug":"%f0%9f%93%a2%f0%9f%93%8d-jepen-me-qira-dy-ambiente-biznesi-prane-fakultetit-te-shkencave-humane-vlore","status":"publish","type":"property","link":"https:\/\/desrealestate.al\/sq\/property\/%f0%9f%93%a2%f0%9f%93%8d-jepen-me-qira-dy-ambiente-biznesi-prane-fakultetit-te-shkencave-humane-vlore\/","title":{"rendered":"\ud83d\udce2\ud83d\udccd JEPEN ME QIRA DY AMBIENTE BIZNESI PRAN\u00cb FAKULTETIT T\u00cb SHKENCAVE HUMANE, VLOR\u00cb"},"content":{"rendered":"<p>\ud83d\udce2\ud83d\udccd JEPEN ME QIRA DY AMBIENTE BIZNESI PRAN\u00cb FAKULTETIT T\u00cb SHKENCAVE HUMANE, VLOR\u00cb<\/p>\n<p>\ud83c\udfe2 Cmimi: 300 \u20ac\/muaj p\u00ebr t\u00eb dy ambientet s\u00eb bashku<br \/>\ud83d\udcd0 Sip\u00ebrfaqe: 40 m\u00b2 secili ambient<br \/>\ud83c\udfec Nj\u00ebri ndodhet n\u00eb katin 0, tjetri n\u00eb katin 1<\/p>\n<p>\ud83d\udccd Ambientet ndodhen n\u00eb nj\u00eb zon\u00eb me l\u00ebvizje t\u00eb lart\u00eb k\u00ebmb\u00ebsor\u00ebsh dhe automjetesh gjat\u00eb gjith\u00eb dit\u00ebs, duke i b\u00ebr\u00eb shum\u00eb t\u00eb favorshme p\u00ebr zhvillim biznesi dhe ekspozim t\u00eb mir\u00eb. Zona ofron dukshm\u00ebri t\u00eb lart\u00eb dhe akses t\u00eb leht\u00eb p\u00ebr klient\u00ebt.<\/p>\n<p>\ud83c\udfd7\ufe0f Organizimi i ambienteve:<br \/>\u2022 Kati 0 \u00ebsht\u00eb i ndar\u00eb n\u00eb dy ambiente me hap\u00ebsir\u00eb t\u00eb bollshme dhe ka 1 tualet funksional<br \/>\u2022 Kati 1 \u00ebsht\u00eb nj\u00eb ambient i vet\u00ebm i hapur me hap\u00ebsir\u00eb t\u00eb p\u00ebrdorshme sipas nevoj\u00ebs + ballkon<\/p>\n<p>\ud83d\udcbc Ambientet mund t\u00eb p\u00ebrdoren p\u00ebr:<br \/>\u2022 Zyra<br \/>\u2022 Klinika<br \/>\u2022 Estetik\u00eb<br \/>\u2022 Dyqane<br \/>\u2022 Sh\u00ebrbime t\u00eb ndryshme<\/p>\n<p>\u274c Nuk lejohet p\u00ebrdorimi si lokal.<\/p>\n<p>\ud83d\udcd1 Kushtet e marrjes me qira:<br \/>\u25aa\ufe0f 2 muaj garanci, t\u00eb kthyeshme n\u00eb p\u00ebrfundim t\u00eb kontrat\u00ebs n\u00ebse prona dor\u00ebzohet n\u00eb gjendjen fillestare<br \/>\u25aa\ufe0f 1 muaj qira paraprakisht, i paguesh\u00ebm n\u00eb momentin e n\u00ebnshkrimit t\u00eb kontrat\u00ebs<br \/>\u25aa\ufe0f Tarif\u00eb agjencie \u2013 gjysma e qiras\u00eb mujore, e pagueshme nj\u00eb her\u00eb n\u00eb fillim t\u00eb marr\u00ebveshjes<\/p>\n<p>\u2014\u2014\u2014\u2014\u2014\u2014\u2014\u2014\u2014\u2014\u2014\u2014\u2014\u2014\u2014\u2014\u2014\u2014\u2014\u2014\u2014\u2014\u2014\u2014<br \/>\u2139\ufe0f P\u00ebr m\u00eb shum\u00eb informacione ose nj\u00eb vizit\u00eb n\u00eb pron\u00eb na kontaktoni:<br \/>\ud83d\udcf2 +355 69 5798167<br \/>\ud83d\udcf2 +355 69 7066661<br \/>\ud83c\udf10 www.desrealestate.al<br \/>\u2014\u2014\u2014\u2014\u2014\u2014\u2014\u2014\u2014\u2014\u2014\u2014\u2014\u2014\u2014\u2014\u2014\u2014\u2014<\/p>\n","protected":false},"excerpt":{"rendered":"<p>\ud83d\udce2\ud83d\udccd JEPEN ME QIRA DY AMBIENTE BIZNESI PRAN\u00cb FAKULTETIT T\u00cb SHKENCAVE HUMANE, VLOR\u00cb \ud83c\udfe2 Cmimi: 300 \u20ac\/muaj p\u00ebr t\u00eb dy ambientet s\u00eb bashku\ud83d\udcd0 Sip\u00ebrfaqe: 40 m\u00b2 secili ambient\ud83c\udfec Nj\u00ebri ndodhet n\u00eb katin 0, tjetri n\u00eb katin 1 \ud83d\udccd Ambientet ndodhen n\u00eb nj\u00eb zon\u00eb me l\u00ebvizje t\u00eb lart\u00eb k\u00ebmb\u00ebsor\u00ebsh dhe automjetesh gjat\u00eb gjith\u00eb dit\u00ebs, duke i [&hellip;]<\/p>\n","protected":false},"author":1,"featured_media":0,"parent":0,"menu_order":0,"comment_status":"closed","ping_status":"closed","template":"","property-type-api":[38],"property-status-api":[24],"property-city-api":[349,47],"property-feature-api":[],"class_list":["post-85496","property","type-property","status-publish","hentry","property-type-apartament","property-status-for-rent","property-city-shqiperi","property-city-vlore"],"REAL_HOMES_property_price":"300","REAL_HOMES_property_price_type":"Muaj","REAL_HOMES_property_price_postfix":"EUR","REAL_HOMES_property_id":"17970","REAL_HOMES_property_size":"80","REAL_HOMES_property_size_postfix":"M2 ","REAL_HOMES_property_bedrooms":"","REAL_HOMES_property_bathrooms":"","REAL_HOMES_property_garage":"","REAL_HOMES_additional_details":{"Tipi Pron\u00ebs":"Apartament","Qyteti":"Vlore","\u00c7ertifikat\u00eb Pron\u00ebsie":"Po","\u00c7mimi Negociuesh\u00ebm":"  Po","Kati Pron\u00ebs":"0","Pozicioni Pron\u00ebs":"","Tipi Listimit":"Qira"},"REAL_HOMES_property_address":"Rruga Sulejman Delvina","REAL_HOMES_property_location":"40.463150957122,19.491568879109","REAL_HOMES_attachments":"","REAL_HOMES_agent_display_option":"","REAL_HOMES_agents":"28633","REAL_HOMES_slider_image":"","payment_status":"","REAL_HOMES_tour_video_url":"","REAL_HOMES_tour_video_image":"","REAL_HOMES_property_year_built":"","REAL_HOMES_image_object":"[{\"url\":\"https:\/\/flexie-des.s3.amazonaws.com\/des\/listings\/gallery\/22feab17c6fb58965ac70397ccedfc2c.jpeg\",\"thumbnail\":\"https:\/\/flexie-des.s3.amazonaws.com\/des\/listings\/gallery\/22feab17c6fb58965ac70397ccedfc2c_thumb.jpeg\",\"name\":\"WhatsApp Image 2026-04-26 at 11.17.37tyejtyje.jpeg\",\"type\":\"image\/jpeg\",\"is_default\":1},{\"url\":\"https:\/\/flexie-des.s3.amazonaws.com\/des\/listings\/gallery\/64305fcf8fa772a8595d79d4a6c7bb40.jpeg\",\"thumbnail\":\"https:\/\/flexie-des.s3.amazonaws.com\/des\/listings\/gallery\/64305fcf8fa772a8595d79d4a6c7bb40_thumb.jpeg\",\"name\":\"WhatsApp Image 2026-04-26 at 11.17.36.jpeg\",\"type\":\"image\/jpeg\"},{\"url\":\"https:\/\/flexie-des.s3.amazonaws.com\/des\/listings\/gallery\/1733ad6d2ae6457892aaf82fe187b63e.jpeg\",\"thumbnail\":\"https:\/\/flexie-des.s3.amazonaws.com\/des\/listings\/gallery\/1733ad6d2ae6457892aaf82fe187b63e_thumb.jpeg\",\"name\":\"WhatsApp Image 2026-04-26 at 11.17.36rthrth.jpeg\",\"type\":\"image\/jpeg\"},{\"url\":\"https:\/\/flexie-des.s3.amazonaws.com\/des\/listings\/gallery\/8b3539a22b0b51b719fd8c543b7ba57f.jpeg\",\"thumbnail\":\"https:\/\/flexie-des.s3.amazonaws.com\/des\/listings\/gallery\/8b3539a22b0b51b719fd8c543b7ba57f_thumb.jpeg\",\"name\":\"WhatsApp Image 2026-04-26 at 11.17.36tyjetyws.jpeg\",\"type\":\"image\/jpeg\"},{\"url\":\"https:\/\/flexie-des.s3.amazonaws.com\/des\/listings\/gallery\/007c08fc7f42a8c14b829ef2654240e6.jpeg\",\"thumbnail\":\"https:\/\/flexie-des.s3.amazonaws.com\/des\/listings\/gallery\/007c08fc7f42a8c14b829ef2654240e6_thumb.jpeg\",\"name\":\"WhatsApp Image 2026-04-26 at 11.17.37rthrhtr.jpeg\",\"type\":\"image\/jpeg\"},{\"url\":\"https:\/\/flexie-des.s3.amazonaws.com\/des\/listings\/gallery\/206fcf0f22ffd76b46d0b252ededc3c9.jpeg\",\"thumbnail\":\"https:\/\/flexie-des.s3.amazonaws.com\/des\/listings\/gallery\/206fcf0f22ffd76b46d0b252ededc3c9_thumb.jpeg\",\"name\":\"WhatsApp Image 2026-04-26 at 11.17.36tyjdetyj.jpeg\",\"type\":\"image\/jpeg\"},{\"url\":\"https:\/\/flexie-des.s3.amazonaws.com\/des\/listings\/gallery\/500084c440fb90c661fd0fe1cde2c83e.jpeg\",\"thumbnail\":\"https:\/\/flexie-des.s3.amazonaws.com\/des\/listings\/gallery\/500084c440fb90c661fd0fe1cde2c83e_thumb.jpeg\",\"name\":\"tyjtyjt.jpeg\",\"type\":\"image\/jpeg\"}]","yoast_head":"<!-- This site is optimized with the Yoast SEO Premium plugin v15.2 - https:\/\/yoast.com\/wordpress\/plugins\/seo\/ -->\n<title>\ud83d\udce2\ud83d\udccd JEPEN ME QIRA DY AMBIENTE BIZNESI PRAN\u00cb FAKULTETIT T\u00cb SHKENCAVE HUMANE, VLOR\u00cb - DES Real Estate<\/title>\n<meta name=\"robots\" content=\"index, follow, max-snippet:-1, max-image-preview:large, max-video-preview:-1\" \/>\n<link rel=\"canonical\" href=\"https:\/\/desrealestate.al\/sq\/property\/\ud83d\udce2\ud83d\udccd-jepen-me-qira-dy-ambiente-biznesi-prane-fakultetit-te-shkencave-humane-vlore\/\" \/>\n<meta property=\"og:locale\" content=\"sq_AL\" \/>\n<meta property=\"og:type\" content=\"article\" \/>\n<meta property=\"og:title\" content=\"\ud83d\udce2\ud83d\udccd JEPEN ME QIRA DY AMBIENTE BIZNESI PRAN\u00cb FAKULTETIT T\u00cb SHKENCAVE HUMANE, VLOR\u00cb - DES Real Estate\" \/>\n<meta property=\"og:description\" content=\"\ud83d\udce2\ud83d\udccd JEPEN ME QIRA DY AMBIENTE BIZNESI PRAN\u00cb FAKULTETIT T\u00cb SHKENCAVE HUMANE, VLOR\u00cb \ud83c\udfe2 Cmimi: 300 \u20ac\/muaj p\u00ebr t\u00eb dy ambientet s\u00eb bashku\ud83d\udcd0 Sip\u00ebrfaqe: 40 m\u00b2 secili ambient\ud83c\udfec Nj\u00ebri ndodhet n\u00eb katin 0, tjetri n\u00eb katin 1 \ud83d\udccd Ambientet ndodhen n\u00eb nj\u00eb zon\u00eb me l\u00ebvizje t\u00eb lart\u00eb k\u00ebmb\u00ebsor\u00ebsh dhe automjetesh gjat\u00eb gjith\u00eb dit\u00ebs, duke i [&hellip;]\" \/>\n<meta property=\"og:url\" content=\"https:\/\/desrealestate.al\/sq\/property\/\ud83d\udce2\ud83d\udccd-jepen-me-qira-dy-ambiente-biznesi-prane-fakultetit-te-shkencave-humane-vlore\/\" \/>\n<meta property=\"og:site_name\" content=\"DES Real Estate\" \/>\n<meta property=\"article:publisher\" content=\"https:\/\/www.facebook.com\/DesRealEstate.al\/\" \/>\n<meta property=\"article:modified_time\" content=\"2026-04-27T11:58:50+00:00\" \/>\n<meta property=\"og:image\" content=\"https:\/\/desrealestate.al\/wp-content\/uploads\/2020\/11\/DES-Real-Estate-Logo-Vertikale-fb.jpg\" \/>\n\t<meta property=\"og:image:width\" content=\"1102\" \/>\n\t<meta property=\"og:image:height\" content=\"596\" \/>\n<meta property=\"fb:app_id\" content=\"387924425682656\" \/>\n<meta name=\"twitter:card\" content=\"summary_large_image\" \/>\n<meta name=\"twitter:label1\" value=\"Written by\">\n\t<meta name=\"twitter:data1\" value=\"master\">\n\t<meta name=\"twitter:label2\" value=\"Est. reading time\">\n\t<meta name=\"twitter:data2\" value=\"1 minut\u00eb\">\n<script type=\"application\/ld+json\" class=\"yoast-schema-graph\">{\"@context\":\"https:\/\/schema.org\",\"@graph\":[{\"@type\":\"Organization\",\"@id\":\"https:\/\/desrealestate.al\/sq\/#organization\",\"name\":\"DES Real Estate\",\"url\":\"https:\/\/desrealestate.al\/sq\/\",\"sameAs\":[\"https:\/\/www.facebook.com\/DesRealEstate.al\/\",\"https:\/\/www.instagram.com\/desrealestate.al\/\"],\"logo\":{\"@type\":\"ImageObject\",\"@id\":\"https:\/\/desrealestate.al\/sq\/#logo\",\"inLanguage\":\"sq\",\"url\":\"https:\/\/desrealestate.al\/wp-content\/uploads\/2020\/05\/DES-Real-Estate-Logo-Vertikale.png\",\"width\":171,\"height\":115,\"caption\":\"DES Real Estate\"},\"image\":{\"@id\":\"https:\/\/desrealestate.al\/sq\/#logo\"}},{\"@type\":\"WebSite\",\"@id\":\"https:\/\/desrealestate.al\/sq\/#website\",\"url\":\"https:\/\/desrealestate.al\/sq\/\",\"name\":\"DES Real Estate\",\"description\":\"Sht\\u00ebpia \\u00ebsht\\u00eb e para\",\"publisher\":{\"@id\":\"https:\/\/desrealestate.al\/sq\/#organization\"},\"potentialAction\":[{\"@type\":\"SearchAction\",\"target\":\"https:\/\/desrealestate.al\/sq\/?s={search_term_string}\",\"query-input\":\"required name=search_term_string\"}],\"inLanguage\":\"sq\"},{\"@type\":\"WebPage\",\"@id\":\"https:\/\/desrealestate.al\/sq\/property\/%f0%9f%93%a2%f0%9f%93%8d-jepen-me-qira-dy-ambiente-biznesi-prane-fakultetit-te-shkencave-humane-vlore\/#webpage\",\"url\":\"https:\/\/desrealestate.al\/sq\/property\/%f0%9f%93%a2%f0%9f%93%8d-jepen-me-qira-dy-ambiente-biznesi-prane-fakultetit-te-shkencave-humane-vlore\/\",\"name\":\"\\ud83d\\udce2\\ud83d\\udccd JEPEN ME QIRA DY AMBIENTE BIZNESI PRAN\\u00cb FAKULTETIT T\\u00cb SHKENCAVE HUMANE, VLOR\\u00cb - DES Real Estate\",\"isPartOf\":{\"@id\":\"https:\/\/desrealestate.al\/sq\/#website\"},\"datePublished\":\"2026-04-27T11:46:29+00:00\",\"dateModified\":\"2026-04-27T11:58:50+00:00\",\"inLanguage\":\"sq\",\"potentialAction\":[{\"@type\":\"ReadAction\",\"target\":[\"https:\/\/desrealestate.al\/sq\/property\/%f0%9f%93%a2%f0%9f%93%8d-jepen-me-qira-dy-ambiente-biznesi-prane-fakultetit-te-shkencave-humane-vlore\/\"]}]}]}<\/script>\n<!-- \/ Yoast SEO Premium plugin. -->","_links":{"self":[{"href":"https:\/\/desrealestate.al\/sq\/wp-json\/wp\/v2\/property-api\/85496"}],"collection":[{"href":"https:\/\/desrealestate.al\/sq\/wp-json\/wp\/v2\/property-api"}],"about":[{"href":"https:\/\/desrealestate.al\/sq\/wp-json\/wp\/v2\/types\/property"}],"author":[{"embeddable":true,"href":"https:\/\/desrealestate.al\/sq\/wp-json\/wp\/v2\/users\/1"}],"replies":[{"embeddable":true,"href":"https:\/\/desrealestate.al\/sq\/wp-json\/wp\/v2\/comments?post=85496"}],"version-history":[{"count":0,"href":"https:\/\/desrealestate.al\/sq\/wp-json\/wp\/v2\/property-api\/85496\/revisions"}],"wp:attachment":[{"href":"https:\/\/desrealestate.al\/sq\/wp-json\/wp\/v2\/media?parent=85496"}],"wp:term":[{"taxonomy":"property-type","embeddable":true,"href":"https:\/\/desrealestate.al\/sq\/wp-json\/wp\/v2\/property-type-api?post=85496"},{"taxonomy":"property-status","embeddable":true,"href":"https:\/\/desrealestate.al\/sq\/wp-json\/wp\/v2\/property-status-api?post=85496"},{"taxonomy":"property-city","embeddable":true,"href":"https:\/\/desrealestate.al\/sq\/wp-json\/wp\/v2\/property-city-api?post=85496"},{"taxonomy":"property-feature","embeddable":true,"href":"https:\/\/desrealestate.al\/sq\/wp-json\/wp\/v2\/property-feature-api?post=85496"}],"curies":[{"name":"wp","href":"https:\/\/api.w.org\/{rel}","templated":true}]}}